{"id":237,"date":"2025-12-20T11:57:01","date_gmt":"2025-12-20T11:57:01","guid":{"rendered":"https:\/\/demo5.newmediaguru.co\/bestattungen-anton-wp\/?page_id=237"},"modified":"2026-01-28T08:33:34","modified_gmt":"2026-01-28T08:33:34","slug":"gedenken","status":"publish","type":"page","link":"https:\/\/demo5.newmediaguru.co\/bestattungen-anton-wp\/gedenken\/","title":{"rendered":"Gedenken"},"content":{"rendered":"\t\t<div data-elementor-type=\"wp-page\" data-elementor-id=\"237\" class=\"elementor elementor-237\" data-elementor-post-type=\"page\">\n\t\t\t\t<div class=\"elementor-element elementor-element-c139782 e-flex e-con-boxed e-con e-parent\" data-id=\"c139782\" data-element_type=\"container\">\n\t\t\t\t\t<div class=\"e-con-inner\">\n\t\t<div class=\"elementor-element elementor-element-bf72899 e-con-full e-flex e-con e-child\" data-id=\"bf72899\" data-element_type=\"container\" data-settings=\"{&quot;background_background&quot;:&quot;classic&quot;}\">\n\t\t\t\t<div class=\"elementor-element elementor-element-37474ba elementor-widget__width-initial h1-main_heading elementor-widget elementor-widget-heading\" data-id=\"37474ba\" data-element_type=\"widget\" data-widget_type=\"heading.default\">\n\t\t\t\t\t<h1 class=\"elementor-heading-title elementor-size-default\">Gedenkportal<br>\nTrauern verbindet<\/h1>\t\t\t\t<\/div>\n\t\t<div class=\"elementor-element elementor-element-a56d57c e-con-full e-flex e-con e-child\" data-id=\"a56d57c\" data-element_type=\"container\">\n\t\t<div class=\"elementor-element elementor-element-7b75f84 e-con-full e-flex e-con e-child\" data-id=\"7b75f84\" data-element_type=\"container\">\n\t\t\t\t<div class=\"elementor-element elementor-element-e0251d7 elementor-widget elementor-widget-text-editor\" data-id=\"e0251d7\" data-element_type=\"widget\" data-widget_type=\"text-editor.default\">\n\t\t\t\t\t\t\t\t\t<p>In unserem Gedenkportal sehen Sie aktuelle Sterbef\u00e4lle und Trauer\u00adanzeigen aus unserer Region. Hier k\u00f6nnen Sie sich ganz einfach innerhalb der Trauer\u00adgemeinschaft austauschen und das Andenken an einen geliebten Menschen bewahren.<\/p><p>Spenden Sie einander Trost \u2013 und nutzen Sie auch die M\u00f6glichkeit, gemeinsam mit Freunden und Bekannten des Verstorbenen Erinnerungs\u00adb\u00fccher zu gestalten. Welche Wege des gemeinsamen Gedenkens Ihnen im Einzelfall offenstehen, entscheiden immer die Angeh\u00f6rigen, die die jeweilige Gedenkseite betreuen.<\/p>\t\t\t\t\t\t\t\t<\/div>\n\t\t\t\t<\/div>\n\t\t<div class=\"elementor-element elementor-element-61c76d4 e-con-full e-flex e-con e-child\" data-id=\"61c76d4\" data-element_type=\"container\">\n\t\t\t\t<div class=\"elementor-element elementor-element-f14cf2e elementor-widget elementor-widget-image\" data-id=\"f14cf2e\" data-element_type=\"widget\" data-widget_type=\"image.default\">\n\t\t\t\t\t\t\t\t\t\t\t\t\t\t\t<img fetchpriority=\"high\" decoding=\"async\" width=\"700\" height=\"420\" src=\"https:\/\/demo5.newmediaguru.co\/bestattungen-anton-wp\/wp-content\/uploads\/2025\/12\/gedenkportal-01-31e92748.jpg\" class=\"attachment-full size-full wp-image-908\" alt=\"\" srcset=\"https:\/\/demo5.newmediaguru.co\/bestattungen-anton-wp\/wp-content\/uploads\/2025\/12\/gedenkportal-01-31e92748.jpg 700w, https:\/\/demo5.newmediaguru.co\/bestattungen-anton-wp\/wp-content\/uploads\/2025\/12\/gedenkportal-01-31e92748-300x180.jpg 300w\" sizes=\"(max-width: 700px) 100vw, 700px\" \/>\t\t\t\t\t\t\t\t\t\t\t\t\t\t\t<\/div>\n\t\t\t\t<\/div>\n\t\t\t\t<\/div>\n\t\t\t\t<\/div>\n\t\t<div class=\"elementor-element elementor-element-d879889 e-con-full e-flex e-con e-child\" data-id=\"d879889\" data-element_type=\"container\" data-settings=\"{&quot;background_background&quot;:&quot;classic&quot;}\">\n\t\t<div class=\"elementor-element elementor-element-f25d35b e-con-full e-flex e-con e-child\" data-id=\"f25d35b\" data-element_type=\"container\">\n\t\t\t\t<div class=\"elementor-element elementor-element-679e5e6 elementor-widget elementor-widget-html\" data-id=\"679e5e6\" data-element_type=\"widget\" data-widget_type=\"html.default\">\n\t\t\t\t\t <div class=\"brlbs-cmpnt-container brlbs-cmpnt-content-blocker brlbs-cmpnt-with-individual-styles\" data-borlabs-cookie-content-blocker-id=\"default\" data-borlabs-cookie-content=\"PGlmcmFtZSBzcmM9Imh0dHBzOi8vY2RuLmJlc3RhdHRlcndlYnRvb2wuZGUvYW50b24vZ2VkZW5rcG9ydGFsLnBocCIgc3R5bGU9IndpZHRoOiAxMDAlOyAKaGVpZ2h0OiAxMTAwcHg7IGJvcmRlcjogbWVkaXVtIG5vbmU7Ij48L2lmcmFtZT4=\"><div class=\"brlbs-cmpnt-cb-preset-a\"> <p class=\"brlbs-cmpnt-cb-description\">Sie sehen gerade einen Platzhalterinhalt von <strong>Standard<\/strong>. Um auf den eigentlichen Inhalt zuzugreifen, klicken Sie auf den Button unten. Bitte beachten Sie, dass dabei Daten an Drittanbieter weitergegeben werden.<\/p> <div class=\"brlbs-cmpnt-cb-buttons\"> <a class=\"brlbs-cmpnt-cb-btn\" href=\"#\" data-borlabs-cookie-unblock role=\"button\">Inhalt entsperren<\/a> <a class=\"brlbs-cmpnt-cb-btn\" href=\"#\" data-borlabs-cookie-accept-service role=\"button\" style=\"display: none\">Erforderlichen Service akzeptieren und Inhalte entsperren<\/a> <\/div> <a class=\"brlbs-cmpnt-cb-provider-toggle\" href=\"#\" data-borlabs-cookie-show-provider-information role=\"button\">Weitere Informationen<\/a> <\/div><\/div>\n<script>\n\/* <![CDATA[ *\/\nfunction receiveMessage(event) {\nif (typeof event.data !== 'string') {\nreturn;\n}\nvar message = event.data.split(':');\nvar eventName = message[0];\nvar iframes, len, i = 0;\n\/* only receive messages from this domain *\/\nvar senderDomains = ['https:\/\/cdn.bestatterwebtool.de'];\nif (senderDomains.indexOf(event.origin) !== -1 && eventName === 'resize') {\niframes = document.getElementsByTagName('iframe');\nlen = iframes.length;\nfor (; i < len; i++) {\nif ((iframes[i].contentWindow || iframes[i].documentWindow) == event.source) {\niframes[i].style.height = (parseInt(message[1]) + 10) + \"px\";\nreturn;\n}\n}\n}\n}\nif (window.addEventListener) {\nwindow.addEventListener('message', receiveMessage, false);\n}\nelse if (window.attachEvent) {\nwindow.attachEvent('onmessage', receiveMessage);\n}\n\/*]]>*\/\n<\/script>\t\t\t\t<\/div>\n\t\t\t\t<\/div>\n\t\t\t\t<\/div>\n\t\t<div class=\"elementor-element elementor-element-9a50688 e-con-full e-flex e-con e-child\" data-id=\"9a50688\" data-element_type=\"container\" data-settings=\"{&quot;background_background&quot;:&quot;classic&quot;}\">\n\t\t\t\t<div class=\"elementor-element elementor-element-fd72e30 elementor-widget__width-initial h1-main_heading elementor-widget elementor-widget-heading\" data-id=\"fd72e30\" data-element_type=\"widget\" data-widget_type=\"heading.default\">\n\t\t\t\t\t<h1 class=\"elementor-heading-title elementor-size-default\">Erinnerungs\u00adb\u00fccher gestalten<\/h1>\t\t\t\t<\/div>\n\t\t<div class=\"elementor-element elementor-element-654c7af e-con-full e-flex e-con e-child\" data-id=\"654c7af\" data-element_type=\"container\">\n\t\t<div class=\"elementor-element elementor-element-18da585 e-con-full e-flex e-con e-child\" data-id=\"18da585\" data-element_type=\"container\">\n\t\t\t\t<div class=\"elementor-element elementor-element-a00964c elementor-widget elementor-widget-text-editor\" data-id=\"a00964c\" data-element_type=\"widget\" data-widget_type=\"text-editor.default\">\n\t\t\t\t\t\t\t\t\t<p>Gemeinsam mit Familie, Freunden und Bekannten des Verstorbenen das Album eines Lebens gestalten, online bearbeiten, teilen \u2013 als Fotobuch drucken lassen und direkt nach Hause bestellen.<\/p><p>Sie finden verschiedene Designs und Formate zur Auswahl, k\u00f6nnen \u00f6ffentliche Beitr\u00e4ge der Gedenkseite mit eigenen Bildern kombinieren und Alben einfach speichern, teilen, weiterbearbeiten.<\/p>\t\t\t\t\t\t\t\t<\/div>\n\t\t\t\t<div class=\"elementor-element elementor-element-d1d4235 elementor-widget elementor-widget-button\" data-id=\"d1d4235\" data-element_type=\"widget\" data-widget_type=\"button.default\">\n\t\t\t\t\t\t\t\t\t\t<a class=\"elementor-button elementor-button-link elementor-size-sm\" href=\"https:\/\/anton-bestattungen.gemeinsam-trauern.net\/\" target=\"_blank\">\n\t\t\t\t\t\t<span class=\"elementor-button-content-wrapper\">\n\t\t\t\t\t\t\t\t\t<span class=\"elementor-button-text\">Gedenkseite finden &amp; Album gestalten<\/span>\n\t\t\t\t\t<\/span>\n\t\t\t\t\t<\/a>\n\t\t\t\t\t\t\t\t<\/div>\n\t\t\t\t<\/div>\n\t\t<div class=\"elementor-element elementor-element-8fba58e e-con-full e-flex e-con e-child\" data-id=\"8fba58e\" data-element_type=\"container\">\n\t\t\t\t<div class=\"elementor-element elementor-element-bdab0ea elementor-widget elementor-widget-image\" data-id=\"bdab0ea\" data-element_type=\"widget\" data-widget_type=\"image.default\">\n\t\t\t\t\t\t\t\t\t\t\t\t\t\t\t<img decoding=\"async\" width=\"700\" height=\"420\" src=\"https:\/\/demo5.newmediaguru.co\/bestattungen-anton-wp\/wp-content\/uploads\/2025\/12\/erinnerungsbuch-38029df9.jpg\" class=\"attachment-full size-full wp-image-924\" alt=\"\" srcset=\"https:\/\/demo5.newmediaguru.co\/bestattungen-anton-wp\/wp-content\/uploads\/2025\/12\/erinnerungsbuch-38029df9.jpg 700w, https:\/\/demo5.newmediaguru.co\/bestattungen-anton-wp\/wp-content\/uploads\/2025\/12\/erinnerungsbuch-38029df9-300x180.jpg 300w\" sizes=\"(max-width: 700px) 100vw, 700px\" \/>\t\t\t\t\t\t\t\t\t\t\t\t\t\t\t<\/div>\n\t\t\t\t<\/div>\n\t\t\t\t<\/div>\n\t\t\t\t<\/div>\n\t\t\t\t\t<\/div>\n\t\t\t\t<\/div>\n\t\t\t\t<\/div>\n\t\t","protected":false},"excerpt":{"rendered":"<p>Gedenkportal Trauern verbindet In unserem Gedenkportal sehen Sie aktuelle Sterbef\u00e4lle und Trauer\u00adanzeigen aus unserer Region. Hier k\u00f6nnen Sie sich ganz einfach innerhalb der Trauer\u00adgemeinschaft austauschen und das Andenken an einen geliebten Menschen bewahren. Spenden Sie einander Trost \u2013 und nutzen Sie auch die M\u00f6glichkeit, gemeinsam mit Freunden und Bekannten des Verstorbenen Erinnerungs\u00adb\u00fccher zu gestalten. Welche [&hellip;]<\/p>\n","protected":false},"author":1,"featured_media":1166,"parent":0,"menu_order":0,"comment_status":"closed","ping_status":"closed","template":"","meta":{"footnotes":""},"class_list":["post-237","page","type-page","status-publish","has-post-thumbnail","hentry"],"yoast_head":"<!-- This site is optimized with the Yoast SEO plugin v26.6 - https:\/\/yoast.com\/wordpress\/plugins\/seo\/ -->\n<title>Gedenken - bestattungen-anton-wp<\/title>\n<meta name=\"robots\" content=\"noindex, follow, max-snippet:-1, max-image-preview:large, max-video-preview:-1\" \/>\n<meta property=\"og:locale\" content=\"de_DE\" \/>\n<meta property=\"og:type\" content=\"article\" \/>\n<meta property=\"og:title\" content=\"Gedenken - bestattungen-anton-wp\" \/>\n<meta property=\"og:description\" content=\"Gedenkportal Trauern verbindet In unserem Gedenkportal sehen Sie aktuelle Sterbef\u00e4lle und Trauer\u00adanzeigen aus unserer Region. Hier k\u00f6nnen Sie sich ganz einfach innerhalb der Trauer\u00adgemeinschaft austauschen und das Andenken an einen geliebten Menschen bewahren. Spenden Sie einander Trost \u2013 und nutzen Sie auch die M\u00f6glichkeit, gemeinsam mit Freunden und Bekannten des Verstorbenen Erinnerungs\u00adb\u00fccher zu gestalten. Welche [&hellip;]\" \/>\n<meta property=\"og:url\" content=\"https:\/\/demo5.newmediaguru.co\/bestattungen-anton-wp\/gedenken\/\" \/>\n<meta property=\"og:site_name\" content=\"bestattungen-anton-wp\" \/>\n<meta property=\"article:modified_time\" content=\"2026-01-28T08:33:34+00:00\" \/>\n<meta property=\"og:image\" content=\"https:\/\/demo5.newmediaguru.co\/bestattungen-anton-wp\/wp-content\/uploads\/2025\/12\/3_h_optional1.jpg\" \/>\n\t<meta property=\"og:image:width\" content=\"2000\" \/>\n\t<meta property=\"og:image:height\" content=\"1335\" \/>\n\t<meta property=\"og:image:type\" content=\"image\/jpeg\" \/>\n<meta name=\"twitter:card\" content=\"summary_large_image\" \/>\n<meta name=\"twitter:label1\" content=\"Gesch\u00e4tzte Lesezeit\" \/>\n\t<meta name=\"twitter:data1\" content=\"1\u00a0Minute\" \/>\n<script type=\"application\/ld+json\" class=\"yoast-schema-graph\">{\"@context\":\"https:\/\/schema.org\",\"@graph\":[{\"@type\":\"WebPage\",\"@id\":\"https:\/\/demo5.newmediaguru.co\/bestattungen-anton-wp\/gedenken\/\",\"url\":\"https:\/\/demo5.newmediaguru.co\/bestattungen-anton-wp\/gedenken\/\",\"name\":\"Gedenken - bestattungen-anton-wp\",\"isPartOf\":{\"@id\":\"https:\/\/demo5.newmediaguru.co\/bestattungen-anton-wp\/#website\"},\"primaryImageOfPage\":{\"@id\":\"https:\/\/demo5.newmediaguru.co\/bestattungen-anton-wp\/gedenken\/#primaryimage\"},\"image\":{\"@id\":\"https:\/\/demo5.newmediaguru.co\/bestattungen-anton-wp\/gedenken\/#primaryimage\"},\"thumbnailUrl\":\"https:\/\/demo5.newmediaguru.co\/bestattungen-anton-wp\/wp-content\/uploads\/2025\/12\/3_h_optional1.jpg\",\"datePublished\":\"2025-12-20T11:57:01+00:00\",\"dateModified\":\"2026-01-28T08:33:34+00:00\",\"breadcrumb\":{\"@id\":\"https:\/\/demo5.newmediaguru.co\/bestattungen-anton-wp\/gedenken\/#breadcrumb\"},\"inLanguage\":\"de\",\"potentialAction\":[{\"@type\":\"ReadAction\",\"target\":[\"https:\/\/demo5.newmediaguru.co\/bestattungen-anton-wp\/gedenken\/\"]}]},{\"@type\":\"ImageObject\",\"inLanguage\":\"de\",\"@id\":\"https:\/\/demo5.newmediaguru.co\/bestattungen-anton-wp\/gedenken\/#primaryimage\",\"url\":\"https:\/\/demo5.newmediaguru.co\/bestattungen-anton-wp\/wp-content\/uploads\/2025\/12\/3_h_optional1.jpg\",\"contentUrl\":\"https:\/\/demo5.newmediaguru.co\/bestattungen-anton-wp\/wp-content\/uploads\/2025\/12\/3_h_optional1.jpg\",\"width\":2000,\"height\":1335},{\"@type\":\"BreadcrumbList\",\"@id\":\"https:\/\/demo5.newmediaguru.co\/bestattungen-anton-wp\/gedenken\/#breadcrumb\",\"itemListElement\":[{\"@type\":\"ListItem\",\"position\":1,\"name\":\"Home\",\"item\":\"https:\/\/demo5.newmediaguru.co\/bestattungen-anton-wp\/\"},{\"@type\":\"ListItem\",\"position\":2,\"name\":\"Gedenken\"}]},{\"@type\":\"WebSite\",\"@id\":\"https:\/\/demo5.newmediaguru.co\/bestattungen-anton-wp\/#website\",\"url\":\"https:\/\/demo5.newmediaguru.co\/bestattungen-anton-wp\/\",\"name\":\"bestattungen-anton-wp\",\"description\":\"\",\"publisher\":{\"@id\":\"https:\/\/demo5.newmediaguru.co\/bestattungen-anton-wp\/#organization\"},\"potentialAction\":[{\"@type\":\"SearchAction\",\"target\":{\"@type\":\"EntryPoint\",\"urlTemplate\":\"https:\/\/demo5.newmediaguru.co\/bestattungen-anton-wp\/?s={search_term_string}\"},\"query-input\":{\"@type\":\"PropertyValueSpecification\",\"valueRequired\":true,\"valueName\":\"search_term_string\"}}],\"inLanguage\":\"de\"},{\"@type\":\"Organization\",\"@id\":\"https:\/\/demo5.newmediaguru.co\/bestattungen-anton-wp\/#organization\",\"name\":\"bestattungen-anton-wp\",\"url\":\"https:\/\/demo5.newmediaguru.co\/bestattungen-anton-wp\/\",\"logo\":{\"@type\":\"ImageObject\",\"inLanguage\":\"de\",\"@id\":\"https:\/\/demo5.newmediaguru.co\/bestattungen-anton-wp\/#\/schema\/logo\/image\/\",\"url\":\"https:\/\/demo5.newmediaguru.co\/bestattungen-anton-wp\/wp-content\/uploads\/2025\/12\/2024_anton_logo_zeichen_links-c43a58d9.png\",\"contentUrl\":\"https:\/\/demo5.newmediaguru.co\/bestattungen-anton-wp\/wp-content\/uploads\/2025\/12\/2024_anton_logo_zeichen_links-c43a58d9.png\",\"width\":500,\"height\":125,\"caption\":\"bestattungen-anton-wp\"},\"image\":{\"@id\":\"https:\/\/demo5.newmediaguru.co\/bestattungen-anton-wp\/#\/schema\/logo\/image\/\"}}]}<\/script>\n<!-- \/ Yoast SEO plugin. -->","yoast_head_json":{"title":"Gedenken - bestattungen-anton-wp","robots":{"index":"noindex","follow":"follow","max-snippet":"max-snippet:-1","max-image-preview":"max-image-preview:large","max-video-preview":"max-video-preview:-1"},"og_locale":"de_DE","og_type":"article","og_title":"Gedenken - bestattungen-anton-wp","og_description":"Gedenkportal Trauern verbindet In unserem Gedenkportal sehen Sie aktuelle Sterbef\u00e4lle und Trauer\u00adanzeigen aus unserer Region. Hier k\u00f6nnen Sie sich ganz einfach innerhalb der Trauer\u00adgemeinschaft austauschen und das Andenken an einen geliebten Menschen bewahren. Spenden Sie einander Trost \u2013 und nutzen Sie auch die M\u00f6glichkeit, gemeinsam mit Freunden und Bekannten des Verstorbenen Erinnerungs\u00adb\u00fccher zu gestalten. Welche [&hellip;]","og_url":"https:\/\/demo5.newmediaguru.co\/bestattungen-anton-wp\/gedenken\/","og_site_name":"bestattungen-anton-wp","article_modified_time":"2026-01-28T08:33:34+00:00","og_image":[{"width":2000,"height":1335,"url":"https:\/\/demo5.newmediaguru.co\/bestattungen-anton-wp\/wp-content\/uploads\/2025\/12\/3_h_optional1.jpg","type":"image\/jpeg"}],"twitter_card":"summary_large_image","twitter_misc":{"Gesch\u00e4tzte Lesezeit":"1\u00a0Minute"},"schema":{"@context":"https:\/\/schema.org","@graph":[{"@type":"WebPage","@id":"https:\/\/demo5.newmediaguru.co\/bestattungen-anton-wp\/gedenken\/","url":"https:\/\/demo5.newmediaguru.co\/bestattungen-anton-wp\/gedenken\/","name":"Gedenken - bestattungen-anton-wp","isPartOf":{"@id":"https:\/\/demo5.newmediaguru.co\/bestattungen-anton-wp\/#website"},"primaryImageOfPage":{"@id":"https:\/\/demo5.newmediaguru.co\/bestattungen-anton-wp\/gedenken\/#primaryimage"},"image":{"@id":"https:\/\/demo5.newmediaguru.co\/bestattungen-anton-wp\/gedenken\/#primaryimage"},"thumbnailUrl":"https:\/\/demo5.newmediaguru.co\/bestattungen-anton-wp\/wp-content\/uploads\/2025\/12\/3_h_optional1.jpg","datePublished":"2025-12-20T11:57:01+00:00","dateModified":"2026-01-28T08:33:34+00:00","breadcrumb":{"@id":"https:\/\/demo5.newmediaguru.co\/bestattungen-anton-wp\/gedenken\/#breadcrumb"},"inLanguage":"de","potentialAction":[{"@type":"ReadAction","target":["https:\/\/demo5.newmediaguru.co\/bestattungen-anton-wp\/gedenken\/"]}]},{"@type":"ImageObject","inLanguage":"de","@id":"https:\/\/demo5.newmediaguru.co\/bestattungen-anton-wp\/gedenken\/#primaryimage","url":"https:\/\/demo5.newmediaguru.co\/bestattungen-anton-wp\/wp-content\/uploads\/2025\/12\/3_h_optional1.jpg","contentUrl":"https:\/\/demo5.newmediaguru.co\/bestattungen-anton-wp\/wp-content\/uploads\/2025\/12\/3_h_optional1.jpg","width":2000,"height":1335},{"@type":"BreadcrumbList","@id":"https:\/\/demo5.newmediaguru.co\/bestattungen-anton-wp\/gedenken\/#breadcrumb","itemListElement":[{"@type":"ListItem","position":1,"name":"Home","item":"https:\/\/demo5.newmediaguru.co\/bestattungen-anton-wp\/"},{"@type":"ListItem","position":2,"name":"Gedenken"}]},{"@type":"WebSite","@id":"https:\/\/demo5.newmediaguru.co\/bestattungen-anton-wp\/#website","url":"https:\/\/demo5.newmediaguru.co\/bestattungen-anton-wp\/","name":"bestattungen-anton-wp","description":"","publisher":{"@id":"https:\/\/demo5.newmediaguru.co\/bestattungen-anton-wp\/#organization"},"potentialAction":[{"@type":"SearchAction","target":{"@type":"EntryPoint","urlTemplate":"https:\/\/demo5.newmediaguru.co\/bestattungen-anton-wp\/?s={search_term_string}"},"query-input":{"@type":"PropertyValueSpecification","valueRequired":true,"valueName":"search_term_string"}}],"inLanguage":"de"},{"@type":"Organization","@id":"https:\/\/demo5.newmediaguru.co\/bestattungen-anton-wp\/#organization","name":"bestattungen-anton-wp","url":"https:\/\/demo5.newmediaguru.co\/bestattungen-anton-wp\/","logo":{"@type":"ImageObject","inLanguage":"de","@id":"https:\/\/demo5.newmediaguru.co\/bestattungen-anton-wp\/#\/schema\/logo\/image\/","url":"https:\/\/demo5.newmediaguru.co\/bestattungen-anton-wp\/wp-content\/uploads\/2025\/12\/2024_anton_logo_zeichen_links-c43a58d9.png","contentUrl":"https:\/\/demo5.newmediaguru.co\/bestattungen-anton-wp\/wp-content\/uploads\/2025\/12\/2024_anton_logo_zeichen_links-c43a58d9.png","width":500,"height":125,"caption":"bestattungen-anton-wp"},"image":{"@id":"https:\/\/demo5.newmediaguru.co\/bestattungen-anton-wp\/#\/schema\/logo\/image\/"}}]}},"_links":{"self":[{"href":"https:\/\/demo5.newmediaguru.co\/bestattungen-anton-wp\/wp-json\/wp\/v2\/pages\/237","targetHints":{"allow":["GET"]}}],"collection":[{"href":"https:\/\/demo5.newmediaguru.co\/bestattungen-anton-wp\/wp-json\/wp\/v2\/pages"}],"about":[{"href":"https:\/\/demo5.newmediaguru.co\/bestattungen-anton-wp\/wp-json\/wp\/v2\/types\/page"}],"author":[{"embeddable":true,"href":"https:\/\/demo5.newmediaguru.co\/bestattungen-anton-wp\/wp-json\/wp\/v2\/users\/1"}],"replies":[{"embeddable":true,"href":"https:\/\/demo5.newmediaguru.co\/bestattungen-anton-wp\/wp-json\/wp\/v2\/comments?post=237"}],"version-history":[{"count":46,"href":"https:\/\/demo5.newmediaguru.co\/bestattungen-anton-wp\/wp-json\/wp\/v2\/pages\/237\/revisions"}],"predecessor-version":[{"id":1757,"href":"https:\/\/demo5.newmediaguru.co\/bestattungen-anton-wp\/wp-json\/wp\/v2\/pages\/237\/revisions\/1757"}],"wp:featuredmedia":[{"embeddable":true,"href":"https:\/\/demo5.newmediaguru.co\/bestattungen-anton-wp\/wp-json\/wp\/v2\/media\/1166"}],"wp:attachment":[{"href":"https:\/\/demo5.newmediaguru.co\/bestattungen-anton-wp\/wp-json\/wp\/v2\/media?parent=237"}],"curies":[{"name":"wp","href":"https:\/\/api.w.org\/{rel}","templated":true}]}}