{"id":235,"date":"2025-12-20T11:56:27","date_gmt":"2025-12-20T11:56:27","guid":{"rendered":"https:\/\/demo5.newmediaguru.co\/bestattungen-anton-wp\/?page_id=235"},"modified":"2026-01-28T08:30:23","modified_gmt":"2026-01-28T08:30:23","slug":"online-services","status":"publish","type":"page","link":"https:\/\/demo5.newmediaguru.co\/bestattungen-anton-wp\/online-services\/","title":{"rendered":"Online-Services"},"content":{"rendered":"\t\t<div data-elementor-type=\"wp-page\" data-elementor-id=\"235\" class=\"elementor elementor-235\" data-elementor-post-type=\"page\">\n\t\t\t\t<div class=\"elementor-element elementor-element-b5a50a7 e-flex e-con-boxed e-con e-parent\" data-id=\"b5a50a7\" data-element_type=\"container\">\n\t\t\t\t\t<div class=\"e-con-inner\">\n\t\t<div class=\"elementor-element elementor-element-5b22c7c e-con-full e-flex e-con e-child\" data-id=\"5b22c7c\" data-element_type=\"container\" data-settings=\"{&quot;background_background&quot;:&quot;classic&quot;}\">\n\t\t\t\t<div class=\"elementor-element elementor-element-b8b176a elementor-widget__width-initial h1-main_heading elementor-widget elementor-widget-heading\" data-id=\"b8b176a\" data-element_type=\"widget\" data-widget_type=\"heading.default\">\n\t\t\t\t\t<h1 class=\"elementor-heading-title elementor-size-default\">Unsere Online-Services<br>\nF\u00fcr den Trauerfall<\/h1>\t\t\t\t<\/div>\n\t\t<div class=\"elementor-element elementor-element-20f5bb8 e-con-full e-flex e-con e-child\" data-id=\"20f5bb8\" data-element_type=\"container\">\n\t\t<div class=\"elementor-element elementor-element-1904c10 e-con-full e-flex e-con e-child\" data-id=\"1904c10\" data-element_type=\"container\">\n\t\t\t\t<div class=\"elementor-element elementor-element-8851f6a elementor-widget elementor-widget-text-editor\" data-id=\"8851f6a\" data-element_type=\"widget\" data-widget_type=\"text-editor.default\">\n\t\t\t\t\t\t\t\t\t<p>Wir sind nicht nur pers\u00f6nlich f\u00fcr Sie da, sondern unterst\u00fctzen Sie auch rund um die Uhr online in unserem digitalen Kunden-Center.<\/p><p>Hier k\u00f6nnen Sie viele wichtige Dinge im Trauerfall per Mausklick regeln, Erinnerungen an den Verstorbenen bewahren und Ihre pers\u00f6nliche Musik\u00adauswahl f\u00fcr die Trauerfeier zusammen\u00adstellen. Zu jeder Zeit, bequem von zu Hause aus.<\/p><p><strong>Jetzt einloggen!<\/strong><\/p><p>Wenn Sie noch keine Login-Daten haben, sprechen Sie uns einfach an \u2013 wir senden Ihnen zur Registrierung eine E-Mail.<\/p>\t\t\t\t\t\t\t\t<\/div>\n\t\t\t\t<div class=\"elementor-element elementor-element-25484a9 elementor-widget elementor-widget-button\" data-id=\"25484a9\" data-element_type=\"widget\" data-widget_type=\"button.default\">\n\t\t\t\t\t\t\t\t\t\t<a class=\"elementor-button elementor-button-link elementor-size-sm\" href=\"https:\/\/mein-kunden.center\/login\" target=\"_blank\">\n\t\t\t\t\t\t<span class=\"elementor-button-content-wrapper\">\n\t\t\t\t\t\t\t\t\t<span class=\"elementor-button-text\">Login Kunden-Center<\/span>\n\t\t\t\t\t<\/span>\n\t\t\t\t\t<\/a>\n\t\t\t\t\t\t\t\t<\/div>\n\t\t\t\t<\/div>\n\t\t<div class=\"elementor-element elementor-element-34c202f e-con-full e-flex e-con e-child\" data-id=\"34c202f\" data-element_type=\"container\">\n\t\t\t\t<div class=\"elementor-element elementor-element-d2d766d elementor-widget elementor-widget-image\" data-id=\"d2d766d\" data-element_type=\"widget\" data-widget_type=\"image.default\">\n\t\t\t\t\t\t\t\t\t\t\t\t\t\t\t<img fetchpriority=\"high\" decoding=\"async\" width=\"700\" height=\"420\" src=\"https:\/\/demo5.newmediaguru.co\/bestattungen-anton-wp\/wp-content\/uploads\/2025\/12\/os-content-8d1253ad.jpg\" class=\"attachment-full size-full wp-image-445\" alt=\"\" srcset=\"https:\/\/demo5.newmediaguru.co\/bestattungen-anton-wp\/wp-content\/uploads\/2025\/12\/os-content-8d1253ad.jpg 700w, https:\/\/demo5.newmediaguru.co\/bestattungen-anton-wp\/wp-content\/uploads\/2025\/12\/os-content-8d1253ad-300x180.jpg 300w\" sizes=\"(max-width: 700px) 100vw, 700px\" \/>\t\t\t\t\t\t\t\t\t\t\t\t\t\t\t<\/div>\n\t\t\t\t<\/div>\n\t\t\t\t<\/div>\n\t\t\t\t<\/div>\n\t\t<div class=\"elementor-element elementor-element-b690f03 e-con-full e-flex e-con e-child\" data-id=\"b690f03\" data-element_type=\"container\">\n\t\t<div class=\"elementor-element elementor-element-8cce320 e-con-full e-flex e-con e-child\" data-id=\"8cce320\" data-element_type=\"container\" data-settings=\"{&quot;background_background&quot;:&quot;classic&quot;}\">\n\t\t<div class=\"elementor-element elementor-element-f74e619 e-con-full e-flex e-con e-child\" data-id=\"f74e619\" data-element_type=\"container\">\n\t\t\t\t<div class=\"elementor-element elementor-element-9bb7d5c elementor-widget elementor-widget-image\" data-id=\"9bb7d5c\" data-element_type=\"widget\" data-widget_type=\"image.default\">\n\t\t\t\t\t\t\t\t\t\t\t\t\t\t\t<img decoding=\"async\" width=\"700\" height=\"420\" src=\"https:\/\/demo5.newmediaguru.co\/bestattungen-anton-wp\/wp-content\/uploads\/2025\/12\/os-abmeldungen-f3afadac.jpg\" class=\"attachment-full size-full wp-image-876\" alt=\"\" srcset=\"https:\/\/demo5.newmediaguru.co\/bestattungen-anton-wp\/wp-content\/uploads\/2025\/12\/os-abmeldungen-f3afadac.jpg 700w, https:\/\/demo5.newmediaguru.co\/bestattungen-anton-wp\/wp-content\/uploads\/2025\/12\/os-abmeldungen-f3afadac-300x180.jpg 300w\" sizes=\"(max-width: 700px) 100vw, 700px\" \/>\t\t\t\t\t\t\t\t\t\t\t\t\t\t\t<\/div>\n\t\t\t\t<\/div>\n\t\t<div class=\"elementor-element elementor-element-bdca7da e-con-full e-flex e-con e-child\" data-id=\"bdca7da\" data-element_type=\"container\">\n\t\t\t\t<div class=\"elementor-element elementor-element-32c86c2 elementor-widget elementor-widget-heading\" data-id=\"32c86c2\" data-element_type=\"widget\" data-widget_type=\"heading.default\">\n\t\t\t\t\t<h2 class=\"elementor-heading-title elementor-size-default\">Abmelde-Assistent \u2013 Ihr digitaler Formalit\u00e4tenhelfer<\/h2>\t\t\t\t<\/div>\n\t\t\t\t<div class=\"elementor-element elementor-element-e013f2d elementor-widget elementor-widget-text-editor\" data-id=\"e013f2d\" data-element_type=\"widget\" data-widget_type=\"text-editor.default\">\n\t\t\t\t\t\t\t\t\t<p>Die wichtigsten Abmeldungen bei den \u00c4mtern nehmen wir nat\u00fcrlich f\u00fcr Sie vor. Sind in den kommenden Monaten weitere Abmeldungen f\u00fcr bisher unbekannte Vertr\u00e4ge, Mitgliedschaften oder Nutzerkonten des Verstorbenen notwendig, regeln Sie das schnell und einfach mit dem Abmelde-Assistenten in unserem Kunden-Center!<\/p><ul><li>Jederzeit Ab-\/Ummeldungen von Versicherungen, Abonnements, Online-Accounts &amp; Co. durchf\u00fchren<\/li><li>Auch ohne Passw\u00f6rter Nutzerkonten in sozialen Netzwerken l\u00f6schen oder deaktivieren<\/li><li>In umfangreicher Datenbank alle Firmen, Organisationen und Institutionen finden<\/li><li>Gepr\u00fcfter Datenschutz in Kooperation mit dem Bundesverband Deutscher Bestatter e. V.<\/li><\/ul>\t\t\t\t\t\t\t\t<\/div>\n\t\t\t\t<\/div>\n\t\t\t\t<\/div>\n\t\t\t\t<\/div>\n\t\t<div class=\"elementor-element elementor-element-9fba35c e-con-full e-flex e-con e-child\" data-id=\"9fba35c\" data-element_type=\"container\" data-settings=\"{&quot;background_background&quot;:&quot;classic&quot;}\">\n\t\t<div class=\"elementor-element elementor-element-b9f5ca3 e-con-full e-flex e-con e-child\" data-id=\"b9f5ca3\" data-element_type=\"container\">\n\t\t<div class=\"elementor-element elementor-element-2c169c1 e-con-full e-flex e-con e-child\" data-id=\"2c169c1\" data-element_type=\"container\">\n\t\t\t\t<div class=\"elementor-element elementor-element-aba1887 elementor-widget elementor-widget-heading\" data-id=\"aba1887\" data-element_type=\"widget\" data-widget_type=\"heading.default\">\n\t\t\t\t\t<h2 class=\"elementor-heading-title elementor-size-default\">Gedenkseite \u2013 gemeinsam trauern &amp; sich erinnern<\/h2>\t\t\t\t<\/div>\n\t\t\t\t<div class=\"elementor-element elementor-element-c0a3248 elementor-widget elementor-widget-text-editor\" data-id=\"c0a3248\" data-element_type=\"widget\" data-widget_type=\"text-editor.default\">\n\t\t\t\t\t\t\t\t\t<p>Gerne richten wir kostenfrei eine pers\u00f6nliche Gedenkseite f\u00fcr Ihren verstorbenen Angeh\u00f6rigen ein, auf der Sie mit der Trauergemeinschaft sein Leben ehren und sich gegenseitig Trost schenken k\u00f6nnen. In Ihrem Kunden-Center k\u00f6nnen Sie dann:<\/p><ul><li>Die Privatsph\u00e4re-Einstellungen der Gedenkseite verwalten<\/li><li>Bilder einsehen, hochladen und auf der Gedenkseite ver\u00f6ffentlichen<\/li><li>Das Portr\u00e4tbild anpassen und einen sch\u00f6nen Text oder Spruch dazuschreiben<\/li><li>Verwandte oder Freunde einladen und sich die Organisation teilen<\/li><\/ul>\t\t\t\t\t\t\t\t<\/div>\n\t\t\t\t<\/div>\n\t\t<div class=\"elementor-element elementor-element-93360ee e-con-full e-flex e-con e-child\" data-id=\"93360ee\" data-element_type=\"container\">\n\t\t\t\t<div class=\"elementor-element elementor-element-5e2645d elementor-widget elementor-widget-image\" data-id=\"5e2645d\" data-element_type=\"widget\" data-widget_type=\"image.default\">\n\t\t\t\t\t\t\t\t\t\t\t\t\t\t\t<img decoding=\"async\" width=\"700\" height=\"420\" src=\"https:\/\/demo5.newmediaguru.co\/bestattungen-anton-wp\/wp-content\/uploads\/2025\/12\/os-gedenkseiten-53680155.jpg\" class=\"attachment-full size-full wp-image-886\" alt=\"\" srcset=\"https:\/\/demo5.newmediaguru.co\/bestattungen-anton-wp\/wp-content\/uploads\/2025\/12\/os-gedenkseiten-53680155.jpg 700w, https:\/\/demo5.newmediaguru.co\/bestattungen-anton-wp\/wp-content\/uploads\/2025\/12\/os-gedenkseiten-53680155-300x180.jpg 300w\" sizes=\"(max-width: 700px) 100vw, 700px\" \/>\t\t\t\t\t\t\t\t\t\t\t\t\t\t\t<\/div>\n\t\t\t\t<\/div>\n\t\t\t\t<\/div>\n\t\t\t\t<\/div>\n\t\t<div class=\"elementor-element elementor-element-7022309 e-con-full e-flex e-con e-child\" data-id=\"7022309\" data-element_type=\"container\">\n\t\t<div class=\"elementor-element elementor-element-c0a1eb6 e-con-full e-flex e-con e-child\" data-id=\"c0a1eb6\" data-element_type=\"container\" data-settings=\"{&quot;background_background&quot;:&quot;classic&quot;}\">\n\t\t<div class=\"elementor-element elementor-element-e8af3eb e-con-full e-flex e-con e-child\" data-id=\"e8af3eb\" data-element_type=\"container\">\n\t\t\t\t<div class=\"elementor-element elementor-element-4d28d8c elementor-widget elementor-widget-image\" data-id=\"4d28d8c\" data-element_type=\"widget\" data-widget_type=\"image.default\">\n\t\t\t\t\t\t\t\t\t\t\t\t\t\t\t<img loading=\"lazy\" decoding=\"async\" width=\"700\" height=\"420\" src=\"https:\/\/demo5.newmediaguru.co\/bestattungen-anton-wp\/wp-content\/uploads\/2025\/12\/os-erinnerungsbuch-ccc23c26.jpg\" class=\"attachment-full size-full wp-image-890\" alt=\"\" srcset=\"https:\/\/demo5.newmediaguru.co\/bestattungen-anton-wp\/wp-content\/uploads\/2025\/12\/os-erinnerungsbuch-ccc23c26.jpg 700w, https:\/\/demo5.newmediaguru.co\/bestattungen-anton-wp\/wp-content\/uploads\/2025\/12\/os-erinnerungsbuch-ccc23c26-300x180.jpg 300w\" sizes=\"(max-width: 700px) 100vw, 700px\" \/>\t\t\t\t\t\t\t\t\t\t\t\t\t\t\t<\/div>\n\t\t\t\t<\/div>\n\t\t<div class=\"elementor-element elementor-element-2334610 e-con-full e-flex e-con e-child\" data-id=\"2334610\" data-element_type=\"container\">\n\t\t\t\t<div class=\"elementor-element elementor-element-69ce7e0 elementor-widget elementor-widget-heading\" data-id=\"69ce7e0\" data-element_type=\"widget\" data-widget_type=\"heading.default\">\n\t\t\t\t\t<h2 class=\"elementor-heading-title elementor-size-default\">Erinnerungsbuch \u2013 gemeinsam das Album eines Lebens erstellen<\/h2>\t\t\t\t<\/div>\n\t\t\t\t<div class=\"elementor-element elementor-element-99b989a elementor-widget elementor-widget-text-editor\" data-id=\"99b989a\" data-element_type=\"widget\" data-widget_type=\"text-editor.default\">\n\t\t\t\t\t\t\t\t\t<p>Die Fotobuch-Software \u201eDas Erinnerungsbuch\u201c wurde speziell f\u00fcr den Trauerfall entwickelt. Das Programm erm\u00f6glicht es Ihnen, mit Familie und Freunden ein einzigartiges Andenken an den Verstorbenen zu entwerfen. \u00d6ffnen Sie die Fotobuch-Software einfach \u00fcber die Gedenkseite oder \u00fcber Ihr Kunden-Center!<\/p><ul><li>Zwischen vielen stimmungsvollen Designvorlagen w\u00e4hlen<\/li><li>Gedenkseitenbeitr\u00e4ge, Bilder und Texte einf\u00fcgen<\/li><li>Hochwertig gedruckt nach Hause bestellen<\/li><li>Link zum Buch an Verwandte und Freunde versenden, die es erg\u00e4nzen und selbst bestellen k\u00f6nnen<\/li><\/ul>\t\t\t\t\t\t\t\t<\/div>\n\t\t\t\t<\/div>\n\t\t\t\t<\/div>\n\t\t\t\t<\/div>\n\t\t<div class=\"elementor-element elementor-element-b388415 e-con-full e-flex e-con e-child\" data-id=\"b388415\" data-element_type=\"container\" data-settings=\"{&quot;background_background&quot;:&quot;classic&quot;}\">\n\t\t<div class=\"elementor-element elementor-element-22958da e-con-full e-flex e-con e-child\" data-id=\"22958da\" data-element_type=\"container\">\n\t\t<div class=\"elementor-element elementor-element-a5f3006 e-con-full e-flex e-con e-child\" data-id=\"a5f3006\" data-element_type=\"container\">\n\t\t\t\t<div class=\"elementor-element elementor-element-e2ff76c elementor-widget elementor-widget-heading\" data-id=\"e2ff76c\" data-element_type=\"widget\" data-widget_type=\"heading.default\">\n\t\t\t\t\t<h2 class=\"elementor-heading-title elementor-size-default\">Trauerfeier-Musik \u2013 der Soundtrack eines Lebens<\/h2>\t\t\t\t<\/div>\n\t\t\t\t<div class=\"elementor-element elementor-element-6fb2805 elementor-widget elementor-widget-text-editor\" data-id=\"6fb2805\" data-element_type=\"widget\" data-widget_type=\"text-editor.default\">\n\t\t\t\t\t\t\t\t\t<p>Mit der Musikauswahl f\u00fcr die Trauerfeier lassen sich Gef\u00fchle auf besondere Weise ausdr\u00fccken und die Pers\u00f6nlichkeit des Verstorbenen kann noch einmal aufleuchten. Nehmen Sie sich also Zeit f\u00fcr die Auswahl und tauschen Sie sich dazu auch mit Verwandten und Freunden aus. In unserer umfangreichen Musik\u00adbibliothek mit 1,5\u00a0Millionen Songs k\u00f6nnen Sie gezielt nach Titeln suchen oder sich von unseren Playlists inspirieren lassen.<\/p><ul><li>Wunschtitel in unserer Datenbank finden oder sogar eigene Songs hochladen<\/li><li>In thematisch sortierten Playlists st\u00f6bern<\/li><li>Verwandte oder Freunde einladen und gemeinsam Favoriten zu einem zeitlichen Ablauf zusammenstellen<\/li><li>Musikauswahl per Klick als fertig markieren und an uns \u00fcbermitteln<\/li><\/ul>\t\t\t\t\t\t\t\t<\/div>\n\t\t\t\t<\/div>\n\t\t<div class=\"elementor-element elementor-element-9daa042 e-con-full e-flex e-con e-child\" data-id=\"9daa042\" data-element_type=\"container\">\n\t\t\t\t<div class=\"elementor-element elementor-element-4552f8b elementor-widget elementor-widget-image\" data-id=\"4552f8b\" data-element_type=\"widget\" data-widget_type=\"image.default\">\n\t\t\t\t\t\t\t\t\t\t\t\t\t\t\t<img loading=\"lazy\" decoding=\"async\" width=\"700\" height=\"420\" src=\"https:\/\/demo5.newmediaguru.co\/bestattungen-anton-wp\/wp-content\/uploads\/2025\/12\/os-trauerfeiermusik-31d77c23.jpg\" class=\"attachment-full size-full wp-image-898\" alt=\"\" srcset=\"https:\/\/demo5.newmediaguru.co\/bestattungen-anton-wp\/wp-content\/uploads\/2025\/12\/os-trauerfeiermusik-31d77c23.jpg 700w, https:\/\/demo5.newmediaguru.co\/bestattungen-anton-wp\/wp-content\/uploads\/2025\/12\/os-trauerfeiermusik-31d77c23-300x180.jpg 300w\" sizes=\"(max-width: 700px) 100vw, 700px\" \/>\t\t\t\t\t\t\t\t\t\t\t\t\t\t\t<\/div>\n\t\t\t\t<\/div>\n\t\t\t\t<\/div>\n\t\t\t\t<\/div>\n\t\t\t\t\t<\/div>\n\t\t\t\t<\/div>\n\t\t\t\t<\/div>\n\t\t","protected":false},"excerpt":{"rendered":"<p>Unsere Online-Services F\u00fcr den Trauerfall Wir sind nicht nur pers\u00f6nlich f\u00fcr Sie da, sondern unterst\u00fctzen Sie auch rund um die Uhr online in unserem digitalen Kunden-Center. Hier k\u00f6nnen Sie viele wichtige Dinge im Trauerfall per Mausklick regeln, Erinnerungen an den Verstorbenen bewahren und Ihre pers\u00f6nliche Musik\u00adauswahl f\u00fcr die Trauerfeier zusammen\u00adstellen. Zu jeder Zeit, bequem von [&hellip;]<\/p>\n","protected":false},"author":1,"featured_media":1165,"parent":0,"menu_order":0,"comment_status":"closed","ping_status":"closed","template":"","meta":{"footnotes":""},"class_list":["post-235","page","type-page","status-publish","has-post-thumbnail","hentry"],"yoast_head":"<!-- This site is optimized with the Yoast SEO plugin v26.6 - https:\/\/yoast.com\/wordpress\/plugins\/seo\/ -->\n<title>Online-Services - bestattungen-anton-wp<\/title>\n<meta name=\"robots\" content=\"noindex, follow, max-snippet:-1, max-image-preview:large, max-video-preview:-1\" \/>\n<meta property=\"og:locale\" content=\"de_DE\" \/>\n<meta property=\"og:type\" content=\"article\" \/>\n<meta property=\"og:title\" content=\"Online-Services - bestattungen-anton-wp\" \/>\n<meta property=\"og:description\" content=\"Unsere Online-Services F\u00fcr den Trauerfall Wir sind nicht nur pers\u00f6nlich f\u00fcr Sie da, sondern unterst\u00fctzen Sie auch rund um die Uhr online in unserem digitalen Kunden-Center. Hier k\u00f6nnen Sie viele wichtige Dinge im Trauerfall per Mausklick regeln, Erinnerungen an den Verstorbenen bewahren und Ihre pers\u00f6nliche Musik\u00adauswahl f\u00fcr die Trauerfeier zusammen\u00adstellen. Zu jeder Zeit, bequem von [&hellip;]\" \/>\n<meta property=\"og:url\" content=\"https:\/\/demo5.newmediaguru.co\/bestattungen-anton-wp\/online-services\/\" \/>\n<meta property=\"og:site_name\" content=\"bestattungen-anton-wp\" \/>\n<meta property=\"article:modified_time\" content=\"2026-01-28T08:30:23+00:00\" \/>\n<meta property=\"og:image\" content=\"https:\/\/demo5.newmediaguru.co\/bestattungen-anton-wp\/wp-content\/uploads\/2025\/12\/os-header.jpg\" \/>\n\t<meta property=\"og:image:width\" content=\"2500\" \/>\n\t<meta property=\"og:image:height\" content=\"1104\" \/>\n\t<meta property=\"og:image:type\" content=\"image\/jpeg\" \/>\n<meta name=\"twitter:card\" content=\"summary_large_image\" \/>\n<meta name=\"twitter:label1\" content=\"Gesch\u00e4tzte Lesezeit\" \/>\n\t<meta name=\"twitter:data1\" content=\"2\u00a0Minuten\" \/>\n<script type=\"application\/ld+json\" class=\"yoast-schema-graph\">{\"@context\":\"https:\/\/schema.org\",\"@graph\":[{\"@type\":\"WebPage\",\"@id\":\"https:\/\/demo5.newmediaguru.co\/bestattungen-anton-wp\/online-services\/\",\"url\":\"https:\/\/demo5.newmediaguru.co\/bestattungen-anton-wp\/online-services\/\",\"name\":\"Online-Services - bestattungen-anton-wp\",\"isPartOf\":{\"@id\":\"https:\/\/demo5.newmediaguru.co\/bestattungen-anton-wp\/#website\"},\"primaryImageOfPage\":{\"@id\":\"https:\/\/demo5.newmediaguru.co\/bestattungen-anton-wp\/online-services\/#primaryimage\"},\"image\":{\"@id\":\"https:\/\/demo5.newmediaguru.co\/bestattungen-anton-wp\/online-services\/#primaryimage\"},\"thumbnailUrl\":\"https:\/\/demo5.newmediaguru.co\/bestattungen-anton-wp\/wp-content\/uploads\/2025\/12\/os-header.jpg\",\"datePublished\":\"2025-12-20T11:56:27+00:00\",\"dateModified\":\"2026-01-28T08:30:23+00:00\",\"breadcrumb\":{\"@id\":\"https:\/\/demo5.newmediaguru.co\/bestattungen-anton-wp\/online-services\/#breadcrumb\"},\"inLanguage\":\"de\",\"potentialAction\":[{\"@type\":\"ReadAction\",\"target\":[\"https:\/\/demo5.newmediaguru.co\/bestattungen-anton-wp\/online-services\/\"]}]},{\"@type\":\"ImageObject\",\"inLanguage\":\"de\",\"@id\":\"https:\/\/demo5.newmediaguru.co\/bestattungen-anton-wp\/online-services\/#primaryimage\",\"url\":\"https:\/\/demo5.newmediaguru.co\/bestattungen-anton-wp\/wp-content\/uploads\/2025\/12\/os-header.jpg\",\"contentUrl\":\"https:\/\/demo5.newmediaguru.co\/bestattungen-anton-wp\/wp-content\/uploads\/2025\/12\/os-header.jpg\",\"width\":2500,\"height\":1104},{\"@type\":\"BreadcrumbList\",\"@id\":\"https:\/\/demo5.newmediaguru.co\/bestattungen-anton-wp\/online-services\/#breadcrumb\",\"itemListElement\":[{\"@type\":\"ListItem\",\"position\":1,\"name\":\"Home\",\"item\":\"https:\/\/demo5.newmediaguru.co\/bestattungen-anton-wp\/\"},{\"@type\":\"ListItem\",\"position\":2,\"name\":\"Online-Services\"}]},{\"@type\":\"WebSite\",\"@id\":\"https:\/\/demo5.newmediaguru.co\/bestattungen-anton-wp\/#website\",\"url\":\"https:\/\/demo5.newmediaguru.co\/bestattungen-anton-wp\/\",\"name\":\"bestattungen-anton-wp\",\"description\":\"\",\"publisher\":{\"@id\":\"https:\/\/demo5.newmediaguru.co\/bestattungen-anton-wp\/#organization\"},\"potentialAction\":[{\"@type\":\"SearchAction\",\"target\":{\"@type\":\"EntryPoint\",\"urlTemplate\":\"https:\/\/demo5.newmediaguru.co\/bestattungen-anton-wp\/?s={search_term_string}\"},\"query-input\":{\"@type\":\"PropertyValueSpecification\",\"valueRequired\":true,\"valueName\":\"search_term_string\"}}],\"inLanguage\":\"de\"},{\"@type\":\"Organization\",\"@id\":\"https:\/\/demo5.newmediaguru.co\/bestattungen-anton-wp\/#organization\",\"name\":\"bestattungen-anton-wp\",\"url\":\"https:\/\/demo5.newmediaguru.co\/bestattungen-anton-wp\/\",\"logo\":{\"@type\":\"ImageObject\",\"inLanguage\":\"de\",\"@id\":\"https:\/\/demo5.newmediaguru.co\/bestattungen-anton-wp\/#\/schema\/logo\/image\/\",\"url\":\"https:\/\/demo5.newmediaguru.co\/bestattungen-anton-wp\/wp-content\/uploads\/2025\/12\/2024_anton_logo_zeichen_links-c43a58d9.png\",\"contentUrl\":\"https:\/\/demo5.newmediaguru.co\/bestattungen-anton-wp\/wp-content\/uploads\/2025\/12\/2024_anton_logo_zeichen_links-c43a58d9.png\",\"width\":500,\"height\":125,\"caption\":\"bestattungen-anton-wp\"},\"image\":{\"@id\":\"https:\/\/demo5.newmediaguru.co\/bestattungen-anton-wp\/#\/schema\/logo\/image\/\"}}]}<\/script>\n<!-- \/ Yoast SEO plugin. -->","yoast_head_json":{"title":"Online-Services - bestattungen-anton-wp","robots":{"index":"noindex","follow":"follow","max-snippet":"max-snippet:-1","max-image-preview":"max-image-preview:large","max-video-preview":"max-video-preview:-1"},"og_locale":"de_DE","og_type":"article","og_title":"Online-Services - bestattungen-anton-wp","og_description":"Unsere Online-Services F\u00fcr den Trauerfall Wir sind nicht nur pers\u00f6nlich f\u00fcr Sie da, sondern unterst\u00fctzen Sie auch rund um die Uhr online in unserem digitalen Kunden-Center. Hier k\u00f6nnen Sie viele wichtige Dinge im Trauerfall per Mausklick regeln, Erinnerungen an den Verstorbenen bewahren und Ihre pers\u00f6nliche Musik\u00adauswahl f\u00fcr die Trauerfeier zusammen\u00adstellen. Zu jeder Zeit, bequem von [&hellip;]","og_url":"https:\/\/demo5.newmediaguru.co\/bestattungen-anton-wp\/online-services\/","og_site_name":"bestattungen-anton-wp","article_modified_time":"2026-01-28T08:30:23+00:00","og_image":[{"width":2500,"height":1104,"url":"https:\/\/demo5.newmediaguru.co\/bestattungen-anton-wp\/wp-content\/uploads\/2025\/12\/os-header.jpg","type":"image\/jpeg"}],"twitter_card":"summary_large_image","twitter_misc":{"Gesch\u00e4tzte Lesezeit":"2\u00a0Minuten"},"schema":{"@context":"https:\/\/schema.org","@graph":[{"@type":"WebPage","@id":"https:\/\/demo5.newmediaguru.co\/bestattungen-anton-wp\/online-services\/","url":"https:\/\/demo5.newmediaguru.co\/bestattungen-anton-wp\/online-services\/","name":"Online-Services - bestattungen-anton-wp","isPartOf":{"@id":"https:\/\/demo5.newmediaguru.co\/bestattungen-anton-wp\/#website"},"primaryImageOfPage":{"@id":"https:\/\/demo5.newmediaguru.co\/bestattungen-anton-wp\/online-services\/#primaryimage"},"image":{"@id":"https:\/\/demo5.newmediaguru.co\/bestattungen-anton-wp\/online-services\/#primaryimage"},"thumbnailUrl":"https:\/\/demo5.newmediaguru.co\/bestattungen-anton-wp\/wp-content\/uploads\/2025\/12\/os-header.jpg","datePublished":"2025-12-20T11:56:27+00:00","dateModified":"2026-01-28T08:30:23+00:00","breadcrumb":{"@id":"https:\/\/demo5.newmediaguru.co\/bestattungen-anton-wp\/online-services\/#breadcrumb"},"inLanguage":"de","potentialAction":[{"@type":"ReadAction","target":["https:\/\/demo5.newmediaguru.co\/bestattungen-anton-wp\/online-services\/"]}]},{"@type":"ImageObject","inLanguage":"de","@id":"https:\/\/demo5.newmediaguru.co\/bestattungen-anton-wp\/online-services\/#primaryimage","url":"https:\/\/demo5.newmediaguru.co\/bestattungen-anton-wp\/wp-content\/uploads\/2025\/12\/os-header.jpg","contentUrl":"https:\/\/demo5.newmediaguru.co\/bestattungen-anton-wp\/wp-content\/uploads\/2025\/12\/os-header.jpg","width":2500,"height":1104},{"@type":"BreadcrumbList","@id":"https:\/\/demo5.newmediaguru.co\/bestattungen-anton-wp\/online-services\/#breadcrumb","itemListElement":[{"@type":"ListItem","position":1,"name":"Home","item":"https:\/\/demo5.newmediaguru.co\/bestattungen-anton-wp\/"},{"@type":"ListItem","position":2,"name":"Online-Services"}]},{"@type":"WebSite","@id":"https:\/\/demo5.newmediaguru.co\/bestattungen-anton-wp\/#website","url":"https:\/\/demo5.newmediaguru.co\/bestattungen-anton-wp\/","name":"bestattungen-anton-wp","description":"","publisher":{"@id":"https:\/\/demo5.newmediaguru.co\/bestattungen-anton-wp\/#organization"},"potentialAction":[{"@type":"SearchAction","target":{"@type":"EntryPoint","urlTemplate":"https:\/\/demo5.newmediaguru.co\/bestattungen-anton-wp\/?s={search_term_string}"},"query-input":{"@type":"PropertyValueSpecification","valueRequired":true,"valueName":"search_term_string"}}],"inLanguage":"de"},{"@type":"Organization","@id":"https:\/\/demo5.newmediaguru.co\/bestattungen-anton-wp\/#organization","name":"bestattungen-anton-wp","url":"https:\/\/demo5.newmediaguru.co\/bestattungen-anton-wp\/","logo":{"@type":"ImageObject","inLanguage":"de","@id":"https:\/\/demo5.newmediaguru.co\/bestattungen-anton-wp\/#\/schema\/logo\/image\/","url":"https:\/\/demo5.newmediaguru.co\/bestattungen-anton-wp\/wp-content\/uploads\/2025\/12\/2024_anton_logo_zeichen_links-c43a58d9.png","contentUrl":"https:\/\/demo5.newmediaguru.co\/bestattungen-anton-wp\/wp-content\/uploads\/2025\/12\/2024_anton_logo_zeichen_links-c43a58d9.png","width":500,"height":125,"caption":"bestattungen-anton-wp"},"image":{"@id":"https:\/\/demo5.newmediaguru.co\/bestattungen-anton-wp\/#\/schema\/logo\/image\/"}}]}},"_links":{"self":[{"href":"https:\/\/demo5.newmediaguru.co\/bestattungen-anton-wp\/wp-json\/wp\/v2\/pages\/235","targetHints":{"allow":["GET"]}}],"collection":[{"href":"https:\/\/demo5.newmediaguru.co\/bestattungen-anton-wp\/wp-json\/wp\/v2\/pages"}],"about":[{"href":"https:\/\/demo5.newmediaguru.co\/bestattungen-anton-wp\/wp-json\/wp\/v2\/types\/page"}],"author":[{"embeddable":true,"href":"https:\/\/demo5.newmediaguru.co\/bestattungen-anton-wp\/wp-json\/wp\/v2\/users\/1"}],"replies":[{"embeddable":true,"href":"https:\/\/demo5.newmediaguru.co\/bestattungen-anton-wp\/wp-json\/wp\/v2\/comments?post=235"}],"version-history":[{"count":58,"href":"https:\/\/demo5.newmediaguru.co\/bestattungen-anton-wp\/wp-json\/wp\/v2\/pages\/235\/revisions"}],"predecessor-version":[{"id":1754,"href":"https:\/\/demo5.newmediaguru.co\/bestattungen-anton-wp\/wp-json\/wp\/v2\/pages\/235\/revisions\/1754"}],"wp:featuredmedia":[{"embeddable":true,"href":"https:\/\/demo5.newmediaguru.co\/bestattungen-anton-wp\/wp-json\/wp\/v2\/media\/1165"}],"wp:attachment":[{"href":"https:\/\/demo5.newmediaguru.co\/bestattungen-anton-wp\/wp-json\/wp\/v2\/media?parent=235"}],"curies":[{"name":"wp","href":"https:\/\/api.w.org\/{rel}","templated":true}]}}