{"id":231,"date":"2025-12-20T11:53:05","date_gmt":"2025-12-20T11:53:05","guid":{"rendered":"https:\/\/demo5.newmediaguru.co\/bestattungen-anton-wp\/?page_id=231"},"modified":"2026-01-28T11:41:38","modified_gmt":"2026-01-28T11:41:38","slug":"im-trauerfall","status":"publish","type":"page","link":"https:\/\/demo5.newmediaguru.co\/bestattungen-anton-wp\/im-trauerfall\/","title":{"rendered":"Im Trauerfall"},"content":{"rendered":"\t\t<div data-elementor-type=\"wp-page\" data-elementor-id=\"231\" class=\"elementor elementor-231\" data-elementor-post-type=\"page\">\n\t\t\t\t<div class=\"elementor-element elementor-element-823c1ae e-flex e-con-boxed e-con e-parent\" data-id=\"823c1ae\" data-element_type=\"container\">\n\t\t\t\t\t<div class=\"e-con-inner\">\n\t\t<div class=\"elementor-element elementor-element-7c8678c e-con-full e-flex e-con e-child\" data-id=\"7c8678c\" data-element_type=\"container\" id=\"leistungen\" data-settings=\"{&quot;background_background&quot;:&quot;classic&quot;}\">\n\t\t\t\t<div class=\"elementor-element elementor-element-5cd6eb4 elementor-widget__width-initial h1-main_heading elementor-widget elementor-widget-heading\" data-id=\"5cd6eb4\" data-element_type=\"widget\" data-widget_type=\"heading.default\">\n\t\t\t\t\t<h1 class=\"elementor-heading-title elementor-size-default\">Wir k\u00fcmmern uns um alles \u2013<br>\nganz nach Ihren W\u00fcnschen.<\/h1>\t\t\t\t<\/div>\n\t\t<div class=\"elementor-element elementor-element-cff7abd e-con-full e-flex e-con e-child\" data-id=\"cff7abd\" data-element_type=\"container\">\n\t\t<div class=\"elementor-element elementor-element-89216c3 e-con-full e-flex e-con e-child\" data-id=\"89216c3\" data-element_type=\"container\">\n\t\t\t\t<div class=\"elementor-element elementor-element-f7e30ea elementor-widget elementor-widget-text-editor\" data-id=\"f7e30ea\" data-element_type=\"widget\" data-widget_type=\"text-editor.default\">\n\t\t\t\t\t\t\t\t\t<p>Gerne organisieren wir f\u00fcr Sie die gesamte Trauerfeier und Beisetzung inklusive aller Formalit\u00e4ten und Termin\u00adabsprachen mit Kirche, Friedhof und Dienstleistern. Manchmal hilft es Trauernden, sich aktiv an den Vorbereitungen f\u00fcr die Abschiednahme zu beteiligen. Deshalb entscheiden Sie, was Sie in unsere erfahrenen H\u00e4nde geben und was Sie selbst \u00fcbernehmen m\u00f6chten.<\/p>\t\t\t\t\t\t\t\t<\/div>\n\t\t\t\t<\/div>\n\t\t<div class=\"elementor-element elementor-element-5152371 e-con-full e-flex e-con e-child\" data-id=\"5152371\" data-element_type=\"container\">\n\t\t\t\t<div class=\"elementor-element elementor-element-154ff76 elementor-widget elementor-widget-image\" data-id=\"154ff76\" data-element_type=\"widget\" data-widget_type=\"image.default\">\n\t\t\t\t\t\t\t\t\t\t\t\t\t\t\t<img fetchpriority=\"high\" decoding=\"async\" width=\"700\" height=\"250\" src=\"https:\/\/demo5.newmediaguru.co\/bestattungen-anton-wp\/wp-content\/uploads\/2025\/12\/7_h_gedenken-9dc2b753.webp\" class=\"attachment-full size-full wp-image-1010\" alt=\"\" srcset=\"https:\/\/demo5.newmediaguru.co\/bestattungen-anton-wp\/wp-content\/uploads\/2025\/12\/7_h_gedenken-9dc2b753.webp 700w, https:\/\/demo5.newmediaguru.co\/bestattungen-anton-wp\/wp-content\/uploads\/2025\/12\/7_h_gedenken-9dc2b753-300x107.webp 300w\" sizes=\"(max-width: 700px) 100vw, 700px\" \/>\t\t\t\t\t\t\t\t\t\t\t\t\t\t\t<\/div>\n\t\t\t\t<\/div>\n\t\t\t\t<\/div>\n\t\t\t\t<\/div>\n\t\t<div class=\"elementor-element elementor-element-b02a27e e-con-full e-flex e-con e-child\" data-id=\"b02a27e\" data-element_type=\"container\" data-settings=\"{&quot;background_background&quot;:&quot;classic&quot;}\">\n\t\t<div class=\"elementor-element elementor-element-97a70c5 e-con-full e-flex e-con e-child\" data-id=\"97a70c5\" data-element_type=\"container\">\n\t\t\t\t<div class=\"elementor-element elementor-element-5f40242 elementor-widget elementor-widget-heading\" data-id=\"5f40242\" data-element_type=\"widget\" data-widget_type=\"heading.default\">\n\t\t\t\t\t<h2 class=\"elementor-heading-title elementor-size-default\">Unsere Bestattungs\u00adleistungen im \u00dcberblick:<\/h2>\t\t\t\t<\/div>\n\t\t\t\t<\/div>\n\t\t<div class=\"elementor-element elementor-element-66f9049 e-con-full e-flex e-con e-child\" data-id=\"66f9049\" data-element_type=\"container\">\n\t\t<div class=\"elementor-element elementor-element-fa2bdab e-con-full e-flex e-con e-child\" data-id=\"fa2bdab\" data-element_type=\"container\">\n\t\t\t\t<div class=\"elementor-element elementor-element-490d81d squre-list elementor-widget elementor-widget-text-editor\" data-id=\"490d81d\" data-element_type=\"widget\" data-widget_type=\"text-editor.default\">\n\t\t\t\t\t\t\t\t\t<ul><li>Ausf\u00fchrliche Beratung inklusive Kosten\u00advoranschlag<\/li><li>Organisation und Durchf\u00fchrung von Trauerfeiern und Beisetzungen in ganz Deutschland<\/li><li>In- und Auslands\u00ad\u00fcberf\u00fchrungen<\/li><li>Hygienische und kosmetische Versorgung der Verstorbenen<\/li><li>Thanatopraktische Versorgung bei Bedarf<\/li><li>Eigener Abschiedsraum<\/li><li>Breites Angebot an S\u00e4rgen, Urnen, Bestattungs\u00adw\u00e4sche und Zubeh\u00f6r<\/li><li>Terminabsprachen mit Kirchen, Friedh\u00f6fen und Dienstleistern<\/li><li>Gestaltung der Trauerfeier inklusive Blumen, Dekoration und Musik<\/li><li>Vermittlung von kirchlichen und weltlichen Trauer\u00adrednern sowie von Floristen und Musikern<\/li><li>Vermittlung von Steinmetzen und Grabpflegediensten<\/li><li>Gestaltung und Druck von individuellen Traueranzeigen und Danksagungen<\/li><li>Anfertigung von Erinnerungs\u00adschmuck und Totenmasken<\/li><\/ul>\t\t\t\t\t\t\t\t<\/div>\n\t\t\t\t<\/div>\n\t\t<div class=\"elementor-element elementor-element-65b93ee e-con-full e-flex e-con e-child\" data-id=\"65b93ee\" data-element_type=\"container\">\n\t\t\t\t<div class=\"elementor-element elementor-element-18c76c6 squre-list elementor-widget elementor-widget-text-editor\" data-id=\"18c76c6\" data-element_type=\"widget\" data-widget_type=\"text-editor.default\">\n\t\t\t\t\t\t\t\t\t<ul><li>Online-Kunden-Center f\u00fcr Ab- &amp; Ummeldungen, zur Verwaltung von Gedenkseiten und Bildern sowie zur Erstellung eines pers\u00f6nlichen Fotobuchs<\/li><li>Einrichtung einer kostenlosen Online-Gedenkseite<\/li><li>Trauerbegleitung vor, w\u00e4hrend und nach der Bestattung<\/li><li>Beurkundung des Sterbefalls und s\u00e4mtliche Beh\u00f6rdeng\u00e4nge<\/li><li>An- und Abmeldungen bei Versicherungen, Rententr\u00e4gern, \u00c4mtern und Dienstleistern<\/li><li>Hilfe bei der Beschaffung s\u00e4mtlicher Dokumente<\/li><li>Antrag auf Renten\u00advorschuss\u00adzahlung und Hinterbliebenen\u00adrente<\/li><li>Antr\u00e4ge f\u00fcr Versicherungs\u00adleistungen<\/li><li>Bestattungsfinanzierung mit ADELTA.FINANZ AG<\/li><\/ul>\t\t\t\t\t\t\t\t<\/div>\n\t\t\t\t<\/div>\n\t\t\t\t<\/div>\n\t\t\t\t<\/div>\n\t\t<div class=\"elementor-element elementor-element-fb3c990 e-con-full e-flex e-con e-child\" data-id=\"fb3c990\" data-element_type=\"container\" id=\"bestattungsarten\" data-settings=\"{&quot;background_background&quot;:&quot;classic&quot;}\">\n\t\t\t\t<div class=\"elementor-element elementor-element-b2c07a8 elementor-widget__width-initial h1-main_heading elementor-widget elementor-widget-heading\" data-id=\"b2c07a8\" data-element_type=\"widget\" data-widget_type=\"heading.default\">\n\t\t\t\t\t<h1 class=\"elementor-heading-title elementor-size-default\">Bestattungs\u00adarten \u2013<br>\nTreffen Sie die richtige<br> Entscheidung.<\/h1>\t\t\t\t<\/div>\n\t\t\t\t<div class=\"elementor-element elementor-element-e649978 elementor-widget__width-initial elementor-widget elementor-widget-text-editor\" data-id=\"e649978\" data-element_type=\"widget\" data-widget_type=\"text-editor.default\">\n\t\t\t\t\t\t\t\t\t<p>Wenn Sie einen Angeh\u00f6rigen zu Grabe tragen, stehen Sie zun\u00e4chst einmal vor der Frage, ob Sie eine Bestattung im Sarg oder eine Kremation mit anschlie\u00dfender Urnen\u00adbeisetzung w\u00fcnschen. Bei der anschlie\u00dfenden Wahl einer letzten Ruhest\u00e4tte, die ja zugleich Ihr pers\u00f6nlicher Gedenkort ist, haben Sie vielf\u00e4ltige M\u00f6glichkeiten:<\/p>\t\t\t\t\t\t\t\t<\/div>\n\t\t<div class=\"elementor-element elementor-element-f5095c5 e-con-full e-flex e-con e-child\" data-id=\"f5095c5\" data-element_type=\"container\">\n\t\t<div class=\"elementor-element elementor-element-80a5a81 e-con-full e-flex e-con e-child\" data-id=\"80a5a81\" data-element_type=\"container\">\n\t\t\t\t<div class=\"elementor-element elementor-element-e8ef273 elementor-widget elementor-widget-heading\" data-id=\"e8ef273\" data-element_type=\"widget\" data-widget_type=\"heading.default\">\n\t\t\t\t\t<h2 class=\"elementor-heading-title elementor-size-default\">Erdbestattung<\/h2>\t\t\t\t<\/div>\n\t\t\t\t<div class=\"elementor-element elementor-element-02d0a4d elementor-widget elementor-widget-text-editor\" data-id=\"02d0a4d\" data-element_type=\"widget\" data-widget_type=\"text-editor.default\">\n\t\t\t\t\t\t\t\t\t<p>F\u00fcr die klassische Erdbestattung im Sarg stehen auf den meisten Friedh\u00f6fen in Deutschland Wahl- und Reihengr\u00e4ber zur Verf\u00fcgung. Der wesentliche Unterschied: Nur beim Wahlgrab k\u00f6nnen Sie die Lage auf dem Friedhof selbst bestimmen und die festgeschriebene Ruhezeit verl\u00e4ngern.<\/p>\t\t\t\t\t\t\t\t<\/div>\n\t\t\t\t<\/div>\n\t\t<div class=\"elementor-element elementor-element-6c891f3 e-con-full e-flex e-con e-child\" data-id=\"6c891f3\" data-element_type=\"container\">\n\t\t\t\t<div class=\"elementor-element elementor-element-f03788d elementor-widget elementor-widget-image\" data-id=\"f03788d\" data-element_type=\"widget\" data-widget_type=\"image.default\">\n\t\t\t\t\t\t\t\t\t\t\t\t\t\t\t<img decoding=\"async\" width=\"700\" height=\"250\" src=\"https:\/\/demo5.newmediaguru.co\/bestattungen-anton-wp\/wp-content\/uploads\/2025\/12\/3_c_erdbestattung-81716ea7.webp\" class=\"attachment-full size-full wp-image-1044\" alt=\"\" srcset=\"https:\/\/demo5.newmediaguru.co\/bestattungen-anton-wp\/wp-content\/uploads\/2025\/12\/3_c_erdbestattung-81716ea7.webp 700w, https:\/\/demo5.newmediaguru.co\/bestattungen-anton-wp\/wp-content\/uploads\/2025\/12\/3_c_erdbestattung-81716ea7-300x107.webp 300w\" sizes=\"(max-width: 700px) 100vw, 700px\" \/>\t\t\t\t\t\t\t\t\t\t\t\t\t\t\t<\/div>\n\t\t\t\t<\/div>\n\t\t\t\t<\/div>\n\t\t<div class=\"elementor-element elementor-element-58be715 e-con-full e-flex e-con e-child\" data-id=\"58be715\" data-element_type=\"container\">\n\t\t<div class=\"elementor-element elementor-element-647bcc8 e-con-full e-flex e-con e-child\" data-id=\"647bcc8\" data-element_type=\"container\">\n\t\t\t\t<div class=\"elementor-element elementor-element-c1489df elementor-widget elementor-widget-image\" data-id=\"c1489df\" data-element_type=\"widget\" data-widget_type=\"image.default\">\n\t\t\t\t\t\t\t\t\t\t\t\t\t\t\t<img decoding=\"async\" width=\"700\" height=\"250\" src=\"https:\/\/demo5.newmediaguru.co\/bestattungen-anton-wp\/wp-content\/uploads\/2025\/12\/6_c_feuerbestattung-0f1f542d.webp\" class=\"attachment-full size-full wp-image-1045\" alt=\"\" srcset=\"https:\/\/demo5.newmediaguru.co\/bestattungen-anton-wp\/wp-content\/uploads\/2025\/12\/6_c_feuerbestattung-0f1f542d.webp 700w, https:\/\/demo5.newmediaguru.co\/bestattungen-anton-wp\/wp-content\/uploads\/2025\/12\/6_c_feuerbestattung-0f1f542d-300x107.webp 300w\" sizes=\"(max-width: 700px) 100vw, 700px\" \/>\t\t\t\t\t\t\t\t\t\t\t\t\t\t\t<\/div>\n\t\t\t\t<\/div>\n\t\t<div class=\"elementor-element elementor-element-d04804e e-con-full e-flex e-con e-child\" data-id=\"d04804e\" data-element_type=\"container\">\n\t\t\t\t<div class=\"elementor-element elementor-element-8c04013 elementor-widget elementor-widget-heading\" data-id=\"8c04013\" data-element_type=\"widget\" data-widget_type=\"heading.default\">\n\t\t\t\t\t<h2 class=\"elementor-heading-title elementor-size-default\">Feuerbestattung<\/h2>\t\t\t\t<\/div>\n\t\t\t\t<div class=\"elementor-element elementor-element-c901092 elementor-widget elementor-widget-text-editor\" data-id=\"c901092\" data-element_type=\"widget\" data-widget_type=\"text-editor.default\">\n\t\t\t\t\t\t\t\t\t<p>Bei einer Feuerbestattung haben Sie weitere Alternativen, zum Beispiel Urnenw\u00e4nde (Kolumbarien), aber auch pflegefreie Gemein\u00adschafts\u00adgrab\u00adfelder, die je nach Friedhof vom einfachen Rasengrab bis hin zu aufwendig gestalteten und g\u00e4rtnerisch betreuten Anlagen reichen k\u00f6nnen.<\/p>\t\t\t\t\t\t\t\t<\/div>\n\t\t\t\t<\/div>\n\t\t\t\t<\/div>\n\t\t<div class=\"elementor-element elementor-element-1834d09 e-con-full e-flex e-con e-child\" data-id=\"1834d09\" data-element_type=\"container\">\n\t\t<div class=\"elementor-element elementor-element-c0cbf11 e-con-full e-flex e-con e-child\" data-id=\"c0cbf11\" data-element_type=\"container\">\n\t\t\t\t<div class=\"elementor-element elementor-element-7e02674 elementor-widget elementor-widget-heading\" data-id=\"7e02674\" data-element_type=\"widget\" data-widget_type=\"heading.default\">\n\t\t\t\t\t<h2 class=\"elementor-heading-title elementor-size-default\">Seebestattung<\/h2>\t\t\t\t<\/div>\n\t\t\t\t<div class=\"elementor-element elementor-element-b98fd60 elementor-widget elementor-widget-text-editor\" data-id=\"b98fd60\" data-element_type=\"widget\" data-widget_type=\"text-editor.default\">\n\t\t\t\t\t\t\t\t\t<p>Die Seebestattung findet in ausgewiesenen Gebieten der Nordsee, der Ostsee oder auf einem der Weltmeere statt. Die Familie kann der Zeremonie auf See beiwohnen, aber auch \u201estille\u201c Beisetzungen sind m\u00f6glich. In einer Seekarte werden die Koordinaten des Beisetzungsortes markiert.<\/p>\t\t\t\t\t\t\t\t<\/div>\n\t\t\t\t<\/div>\n\t\t<div class=\"elementor-element elementor-element-5f43373 e-con-full e-flex e-con e-child\" data-id=\"5f43373\" data-element_type=\"container\">\n\t\t\t\t<div class=\"elementor-element elementor-element-3c5b5db elementor-widget elementor-widget-image\" data-id=\"3c5b5db\" data-element_type=\"widget\" data-widget_type=\"image.default\">\n\t\t\t\t\t\t\t\t\t\t\t\t\t\t\t<img loading=\"lazy\" decoding=\"async\" width=\"700\" height=\"250\" src=\"https:\/\/demo5.newmediaguru.co\/bestattungen-anton-wp\/wp-content\/uploads\/2025\/12\/7_c_seebestattung-1c5828fd.webp\" class=\"attachment-full size-full wp-image-1053\" alt=\"\" srcset=\"https:\/\/demo5.newmediaguru.co\/bestattungen-anton-wp\/wp-content\/uploads\/2025\/12\/7_c_seebestattung-1c5828fd.webp 700w, https:\/\/demo5.newmediaguru.co\/bestattungen-anton-wp\/wp-content\/uploads\/2025\/12\/7_c_seebestattung-1c5828fd-300x107.webp 300w\" sizes=\"(max-width: 700px) 100vw, 700px\" \/>\t\t\t\t\t\t\t\t\t\t\t\t\t\t\t<\/div>\n\t\t\t\t<\/div>\n\t\t\t\t<\/div>\n\t\t<div class=\"elementor-element elementor-element-d733279 e-con-full e-flex e-con e-child\" data-id=\"d733279\" data-element_type=\"container\">\n\t\t<div class=\"elementor-element elementor-element-6b0d03c e-con-full e-flex e-con e-child\" data-id=\"6b0d03c\" data-element_type=\"container\">\n\t\t\t\t<div class=\"elementor-element elementor-element-3d86490 elementor-widget elementor-widget-image\" data-id=\"3d86490\" data-element_type=\"widget\" data-widget_type=\"image.default\">\n\t\t\t\t\t\t\t\t\t\t\t\t\t\t\t<img loading=\"lazy\" decoding=\"async\" width=\"700\" height=\"250\" src=\"https:\/\/demo5.newmediaguru.co\/bestattungen-anton-wp\/wp-content\/uploads\/2025\/12\/3_c_naturbestattung-ae54a2b5.webp\" class=\"attachment-full size-full wp-image-1054\" alt=\"\" srcset=\"https:\/\/demo5.newmediaguru.co\/bestattungen-anton-wp\/wp-content\/uploads\/2025\/12\/3_c_naturbestattung-ae54a2b5.webp 700w, https:\/\/demo5.newmediaguru.co\/bestattungen-anton-wp\/wp-content\/uploads\/2025\/12\/3_c_naturbestattung-ae54a2b5-300x107.webp 300w\" sizes=\"(max-width: 700px) 100vw, 700px\" \/>\t\t\t\t\t\t\t\t\t\t\t\t\t\t\t<\/div>\n\t\t\t\t<\/div>\n\t\t<div class=\"elementor-element elementor-element-db65b91 e-con-full e-flex e-con e-child\" data-id=\"db65b91\" data-element_type=\"container\">\n\t\t\t\t<div class=\"elementor-element elementor-element-c9ffc85 elementor-widget elementor-widget-heading\" data-id=\"c9ffc85\" data-element_type=\"widget\" data-widget_type=\"heading.default\">\n\t\t\t\t\t<h2 class=\"elementor-heading-title elementor-size-default\">Naturbestattung<\/h2>\t\t\t\t<\/div>\n\t\t\t\t<div class=\"elementor-element elementor-element-11d8dc0 elementor-widget elementor-widget-text-editor\" data-id=\"11d8dc0\" data-element_type=\"widget\" data-widget_type=\"text-editor.default\">\n\t\t\t\t\t\t\t\t\t<p>In speziellen Bestattungsw\u00e4ldern, die es fast \u00fcberall in Deutschland gibt, sind Urnen\u00adbeisetzungen am Fu\u00dfe eines Baumes m\u00f6glich. Auch einige Friedh\u00f6fe bieten diese Bestattungsform an. Zudem gibt es Friedh\u00f6fe mit Asche\u00adstreuwiesen. Das Verstreuen der Asche erfolgt jedoch in der Regel anonym. Weitere Formen der Naturbestattung sind im benachbarten Ausland m\u00f6glich. Gerne beraten wir Sie auch hierzu.<\/p>\t\t\t\t\t\t\t\t<\/div>\n\t\t\t\t<\/div>\n\t\t\t\t<\/div>\n\t\t<div class=\"elementor-element elementor-element-755a9b2 e-con-full e-flex e-con e-child\" data-id=\"755a9b2\" data-element_type=\"container\">\n\t\t<div class=\"elementor-element elementor-element-e7c0a2b e-con-full e-flex e-con e-child\" data-id=\"e7c0a2b\" data-element_type=\"container\">\n\t\t\t\t<div class=\"elementor-element elementor-element-3f5ff75 elementor-widget elementor-widget-heading\" data-id=\"3f5ff75\" data-element_type=\"widget\" data-widget_type=\"heading.default\">\n\t\t\t\t\t<h2 class=\"elementor-heading-title elementor-size-default\">Diamantbestattung<\/h2>\t\t\t\t<\/div>\n\t\t\t\t<div class=\"elementor-element elementor-element-8a810ca elementor-widget elementor-widget-text-editor\" data-id=\"8a810ca\" data-element_type=\"widget\" data-widget_type=\"text-editor.default\">\n\t\t\t\t\t\t\t\t\t<p>Die Diamant\u00adbestattung ist eine besonders exklusive Bestattungsform. Aus einem Teil der Totenasche oder der Haare des Verstorbenen wird von einem Partner\u00adunter\u00adnehmen in der Schweiz ein einzigartiger Diamant gewonnen. Die restliche Asche wird nach Ihren Vorstellungen beigesetzt.<\/p>\t\t\t\t\t\t\t\t<\/div>\n\t\t\t\t<\/div>\n\t\t<div class=\"elementor-element elementor-element-f5aa7e8 e-con-full e-flex e-con e-child\" data-id=\"f5aa7e8\" data-element_type=\"container\">\n\t\t\t\t<div class=\"elementor-element elementor-element-8bb34be elementor-widget elementor-widget-image\" data-id=\"8bb34be\" data-element_type=\"widget\" data-widget_type=\"image.default\">\n\t\t\t\t\t\t\t\t\t\t\t\t\t\t\t<img loading=\"lazy\" decoding=\"async\" width=\"700\" height=\"250\" src=\"https:\/\/demo5.newmediaguru.co\/bestattungen-anton-wp\/wp-content\/uploads\/2025\/12\/bestattungsarten-18-9139acf7.webp\" class=\"attachment-full size-full wp-image-1058\" alt=\"\" srcset=\"https:\/\/demo5.newmediaguru.co\/bestattungen-anton-wp\/wp-content\/uploads\/2025\/12\/bestattungsarten-18-9139acf7.webp 700w, https:\/\/demo5.newmediaguru.co\/bestattungen-anton-wp\/wp-content\/uploads\/2025\/12\/bestattungsarten-18-9139acf7-300x107.webp 300w\" sizes=\"(max-width: 700px) 100vw, 700px\" \/>\t\t\t\t\t\t\t\t\t\t\t\t\t\t\t<\/div>\n\t\t\t\t<\/div>\n\t\t\t\t<\/div>\n\t\t<div class=\"elementor-element elementor-element-4c1a3ce e-con-full e-flex e-con e-child\" data-id=\"4c1a3ce\" data-element_type=\"container\">\n\t\t\t\t<div class=\"elementor-element elementor-element-7fac9bb elementor-widget__width-initial elementor-widget elementor-widget-text-editor\" data-id=\"7fac9bb\" data-element_type=\"widget\" data-widget_type=\"text-editor.default\">\n\t\t\t\t\t\t\t\t\t<p><strong>Weiterf\u00fchrende Informationen zu den Beisetzungs\u00adm\u00f6glichkeiten auf dem von Ihnen gew\u00fcnschten Friedhof sowie zu unter\u00adschiedlichen Bestattungs\u00adformen au\u00dferhalb klassischer Friedh\u00f6fe geben wir Ihnen gerne im pers\u00f6nlichen Gespr\u00e4ch.<\/strong><\/p>\t\t\t\t\t\t\t\t<\/div>\n\t\t\t\t<\/div>\n\t\t\t\t<\/div>\n\t\t<div class=\"elementor-element elementor-element-afc7e62 e-con-full squre-list e-flex e-con e-child\" data-id=\"afc7e62\" data-element_type=\"container\" id=\"bestattungskosten\" data-settings=\"{&quot;background_background&quot;:&quot;classic&quot;}\">\n\t\t\t\t<div class=\"elementor-element elementor-element-2a9657c elementor-widget__width-initial h1-main_heading elementor-widget elementor-widget-heading\" data-id=\"2a9657c\" data-element_type=\"widget\" data-widget_type=\"heading.default\">\n\t\t\t\t\t<h1 class=\"elementor-heading-title elementor-size-default\">Wie viel kostet eine Bestattung?<br>\nLassen Sie sich beraten!<\/h1>\t\t\t\t<\/div>\n\t\t<div class=\"elementor-element elementor-element-9fa23c9 e-con-full e-flex e-con e-child\" data-id=\"9fa23c9\" data-element_type=\"container\">\n\t\t<div class=\"elementor-element elementor-element-c699001 e-con-full e-flex e-con e-child\" data-id=\"c699001\" data-element_type=\"container\">\n\t\t\t\t<div class=\"elementor-element elementor-element-7ab533a elementor-hidden-desktop elementor-hidden-laptop elementor-hidden-tablet_extra elementor-hidden-tablet elementor-hidden-mobile_extra elementor-hidden-mobile elementor-widget elementor-widget-heading\" data-id=\"7ab533a\" data-element_type=\"widget\" data-widget_type=\"heading.default\">\n\t\t\t\t\t<h2 class=\"elementor-heading-title elementor-size-default\">Sie m\u00fcssen nur anrufen \u2013\nund ein paar Dokumente bereitlegen.<\/h2>\t\t\t\t<\/div>\n\t\t\t\t<div class=\"elementor-element elementor-element-faefe90 elementor-widget elementor-widget-text-editor\" data-id=\"faefe90\" data-element_type=\"widget\" data-widget_type=\"text-editor.default\">\n\t\t\t\t\t\t\t\t\t<div id=\"section-13356\" class=\"text ce_rsce_text\"><div class=\"text__text text__text--columns-1\"><div id=\"section-13356\" class=\"text ce_rsce_text\"><div class=\"text__text text__text--columns-1\"><p>Wie viel eine Bestattung kostet, das l\u00e4sst sich nicht pauschal beantworten, denn Ihre pers\u00f6nlichen W\u00fcnsche spielen eine entscheidende Rolle. Wir nehmen uns Zeit, \u00fcber Ihre Vorstellungen zu sprechen, beraten Sie ausf\u00fchrlich, wie sich welche W\u00fcnsche erf\u00fcllen lassen \u2013 und erstellen Ihnen dann einen detaillierten Kostenvoranschlag.<\/p><p>Als erste Orientierungshilfe haben wir Ihnen hier einige Preisbeispiele zusammengestellt:<\/p><\/div><\/div><div id=\"section-14746\" class=\"text ce_rsce_text mt-3\"><div class=\"headlines text__headlines mb-3\"><p class=\" strong \"><strong>Erdbestattung<\/strong><\/p><\/div><\/div><\/div><\/div>\t\t\t\t\t\t\t\t<\/div>\n\t\t\t\t<div class=\"elementor-element elementor-element-7a44afd elementor-widget elementor-widget-text-editor\" data-id=\"7a44afd\" data-element_type=\"widget\" data-widget_type=\"text-editor.default\">\n\t\t\t\t\t\t\t\t\t<ul><li><a title=\"Preisinfo als PDF\" href=\"https:\/\/www.bestattungen-anton.de\/files\/anton\/downloads\/erdbestattung_feierl_beisetzung.pdf\" target=\"_blank\" rel=\"follow noopener\">Preisinfo Erdbestattung mit kurzer feierlicher Beisetzung\u00a0<\/a><\/li><li><a title=\"Preisinfo als PDF\" href=\"https:\/\/www.bestattungen-anton.de\/files\/anton\/downloads\/erdbestattung_mit_trauerfeier.pdf\" target=\"_blank\" rel=\"follow noopener\">Preisinfo Erdbestattung mit Trauerfeier\u00a0<\/a><\/li><\/ul>\t\t\t\t\t\t\t\t<\/div>\n\t\t\t\t<div class=\"elementor-element elementor-element-922889b elementor-widget elementor-widget-text-editor\" data-id=\"922889b\" data-element_type=\"widget\" data-widget_type=\"text-editor.default\">\n\t\t\t\t\t\t\t\t\t<p><strong>Feuerbestattung<\/strong><\/p>\t\t\t\t\t\t\t\t<\/div>\n\t\t\t\t<div class=\"elementor-element elementor-element-e5f3572 elementor-widget elementor-widget-text-editor\" data-id=\"e5f3572\" data-element_type=\"widget\" data-widget_type=\"text-editor.default\">\n\t\t\t\t\t\t\t\t\t<ul><li><a title=\"Preisbeispiel als PDF\" href=\"https:\/\/www.bestattungen-anton.de\/files\/anton\/downloads\/feuerbestatung_basis.pdf\" target=\"_blank\" rel=\"follow noopener\">Preisinfo Feuerbestatung BASIS\u00a0<\/a><\/li><li><a title=\"Preisbeispiel als PDF\" href=\"https:\/\/www.bestattungen-anton.de\/files\/anton\/downloads\/feuerbestattung_standard.pdf\" target=\"_blank\" rel=\"follow noopener\">Preisinfo Feuerbestattung STANDARD\u00a0<\/a><\/li><li><a title=\"Preisinfo als PDF\" href=\"https:\/\/www.bestattungen-anton.de\/files\/anton\/downloads\/feuerbestattung_plus.pdf\" target=\"_blank\" rel=\"follow noopener\">Preisinfo Feuerbestattung PLUS\u00a0<\/a><\/li><li><a title=\"Preisinfo als PDF\" href=\"https:\/\/www.bestattungen-anton.de\/files\/anton\/downloads\/feuerbestattung_beisetzung_worte.pdf\" target=\"_blank\" rel=\"follow noopener\">Preisinfo Feuerbestattung und Urnenbeisetzung mit begleitenden Worten\u00a0<\/a><\/li><li><a title=\"Preisinfo als PDF\" href=\"https:\/\/www.bestattungen-anton.de\/files\/anton\/downloads\/feuerbestattung_feierl_beisetzun.pdf\" target=\"_blank\" rel=\"follow noopener\">Preisinfo Feuerbestattung mit kurzer feierlicher Beisetzung\u00a0<\/a><\/li><li><a href=\"https:\/\/www.bestattungen-anton.de\/files\/anton\/downloads\/feuerbestattung_trauerfeier_urne.pdf\" target=\"_blank\" rel=\"follow noopener\">Preisinfo Feuerbestattung mit Trauerfeier an der Urne\u00a0<\/a><\/li><li><a title=\"Preisinfo als PDF\" href=\"https:\/\/www.bestattungen-anton.de\/files\/anton\/downloads\/feuerbestattung_trauerfeier_sarg.pdf\" target=\"_blank\" rel=\"follow noopener\">Preisinfo Feuerbestattung mit Trauerfeier am Sarg\u00a0<\/a><\/li><\/ul>\t\t\t\t\t\t\t\t<\/div>\n\t\t\t\t<div class=\"elementor-element elementor-element-935bdf1 elementor-widget elementor-widget-text-editor\" data-id=\"935bdf1\" data-element_type=\"widget\" data-widget_type=\"text-editor.default\">\n\t\t\t\t\t\t\t\t\t<p>Nicht immer sind Angeh\u00f6rige in der Lage, die Bestattungs\u00adkosten sofort aufzubringen. F\u00fcr diesen Fall erm\u00f6glichen wir Ihnen eine Ratenzahlung.<\/p>\t\t\t\t\t\t\t\t<\/div>\n\t\t\t\t<div class=\"elementor-element elementor-element-699a4d2 elementor-hidden-desktop elementor-hidden-laptop elementor-hidden-tablet_extra elementor-hidden-tablet elementor-hidden-mobile_extra elementor-hidden-mobile elementor-widget elementor-widget-button\" data-id=\"699a4d2\" data-element_type=\"widget\" data-widget_type=\"button.default\">\n\t\t\t\t\t\t\t\t\t\t<a class=\"elementor-button elementor-button-link elementor-size-sm\" href=\"\/im-trauerfall\/adelta-ratenrechner\">\n\t\t\t\t\t\t<span class=\"elementor-button-content-wrapper\">\n\t\t\t\t\t\t\t\t\t<span class=\"elementor-button-text\">Ratenrechner<\/span>\n\t\t\t\t\t<\/span>\n\t\t\t\t\t<\/a>\n\t\t\t\t\t\t\t\t<\/div>\n\t\t\t\t<\/div>\n\t\t<div class=\"elementor-element elementor-element-ef109f6 e-con-full e-flex e-con e-child\" data-id=\"ef109f6\" data-element_type=\"container\">\n\t\t\t\t<div class=\"elementor-element elementor-element-7cb0de7 elementor-widget elementor-widget-text-editor\" data-id=\"7cb0de7\" data-element_type=\"widget\" data-widget_type=\"text-editor.default\">\n\t\t\t\t\t\t\t\t\t<p><strong>Grunds\u00e4tzlich lassen sich die Kosten in drei Bereiche unterteilen:<\/strong><\/p><ul><li><strong>Unsere Bestattungsleistungen,<\/strong> inklusive Kauf eines Sarges und gegebenenfalls einer Urne.<\/li><li><strong>Kommunale und kirchliche Geb\u00fchren,<\/strong> also zum Beispiel Kosten f\u00fcr die Ausstellung der Sterbeurkunde sowie f\u00fcr die Grabstelle, die je nach Sterbe- bzw. Beisetzungsort unterschiedlich hoch ausfallen.<\/li><li><strong>Auslagen f\u00fcr weitere Dienstleister,<\/strong> wie etwa Floristen, Redner, Musiker. In diesen Bereich fallen auch die Kaffeetafel und die Schaltung der Traueranzeige in der Tagespresse.<\/li><\/ul>\t\t\t\t\t\t\t\t<\/div>\n\t\t\t\t<\/div>\n\t\t\t\t<\/div>\n\t\t\t\t<\/div>\n\t\t\t\t\t<\/div>\n\t\t\t\t<\/div>\n\t\t\t\t<\/div>\n\t\t","protected":false},"excerpt":{"rendered":"<p>Wir k\u00fcmmern uns um alles \u2013 ganz nach Ihren W\u00fcnschen. Gerne organisieren wir f\u00fcr Sie die gesamte Trauerfeier und Beisetzung inklusive aller Formalit\u00e4ten und Termin\u00adabsprachen mit Kirche, Friedhof und Dienstleistern. Manchmal hilft es Trauernden, sich aktiv an den Vorbereitungen f\u00fcr die Abschiednahme zu beteiligen. Deshalb entscheiden Sie, was Sie in unsere erfahrenen H\u00e4nde geben und [&hellip;]<\/p>\n","protected":false},"author":1,"featured_media":1163,"parent":0,"menu_order":0,"comment_status":"closed","ping_status":"closed","template":"","meta":{"footnotes":""},"class_list":["post-231","page","type-page","status-publish","has-post-thumbnail","hentry"],"yoast_head":"<!-- This site is optimized with the Yoast SEO plugin v26.6 - https:\/\/yoast.com\/wordpress\/plugins\/seo\/ -->\n<title>Im Trauerfall - bestattungen-anton-wp<\/title>\n<meta name=\"robots\" content=\"noindex, follow, max-snippet:-1, max-image-preview:large, max-video-preview:-1\" \/>\n<meta property=\"og:locale\" content=\"de_DE\" \/>\n<meta property=\"og:type\" content=\"article\" \/>\n<meta property=\"og:title\" content=\"Im Trauerfall - bestattungen-anton-wp\" \/>\n<meta property=\"og:description\" content=\"Wir k\u00fcmmern uns um alles \u2013 ganz nach Ihren W\u00fcnschen. Gerne organisieren wir f\u00fcr Sie die gesamte Trauerfeier und Beisetzung inklusive aller Formalit\u00e4ten und Termin\u00adabsprachen mit Kirche, Friedhof und Dienstleistern. Manchmal hilft es Trauernden, sich aktiv an den Vorbereitungen f\u00fcr die Abschiednahme zu beteiligen. Deshalb entscheiden Sie, was Sie in unsere erfahrenen H\u00e4nde geben und [&hellip;]\" \/>\n<meta property=\"og:url\" content=\"https:\/\/demo5.newmediaguru.co\/bestattungen-anton-wp\/im-trauerfall\/\" \/>\n<meta property=\"og:site_name\" content=\"bestattungen-anton-wp\" \/>\n<meta property=\"article:modified_time\" content=\"2026-01-28T11:41:38+00:00\" \/>\n<meta property=\"og:image\" content=\"https:\/\/demo5.newmediaguru.co\/bestattungen-anton-wp\/wp-content\/uploads\/2025\/12\/3_h_leistungen.jpg\" \/>\n\t<meta property=\"og:image:width\" content=\"2000\" \/>\n\t<meta property=\"og:image:height\" content=\"1334\" \/>\n\t<meta property=\"og:image:type\" content=\"image\/jpeg\" \/>\n<meta name=\"twitter:card\" content=\"summary_large_image\" \/>\n<meta name=\"twitter:label1\" content=\"Gesch\u00e4tzte Lesezeit\" \/>\n\t<meta name=\"twitter:data1\" content=\"4\u00a0Minuten\" \/>\n<script type=\"application\/ld+json\" class=\"yoast-schema-graph\">{\"@context\":\"https:\/\/schema.org\",\"@graph\":[{\"@type\":\"WebPage\",\"@id\":\"https:\/\/demo5.newmediaguru.co\/bestattungen-anton-wp\/im-trauerfall\/\",\"url\":\"https:\/\/demo5.newmediaguru.co\/bestattungen-anton-wp\/im-trauerfall\/\",\"name\":\"Im Trauerfall - bestattungen-anton-wp\",\"isPartOf\":{\"@id\":\"https:\/\/demo5.newmediaguru.co\/bestattungen-anton-wp\/#website\"},\"primaryImageOfPage\":{\"@id\":\"https:\/\/demo5.newmediaguru.co\/bestattungen-anton-wp\/im-trauerfall\/#primaryimage\"},\"image\":{\"@id\":\"https:\/\/demo5.newmediaguru.co\/bestattungen-anton-wp\/im-trauerfall\/#primaryimage\"},\"thumbnailUrl\":\"https:\/\/demo5.newmediaguru.co\/bestattungen-anton-wp\/wp-content\/uploads\/2025\/12\/3_h_leistungen.jpg\",\"datePublished\":\"2025-12-20T11:53:05+00:00\",\"dateModified\":\"2026-01-28T11:41:38+00:00\",\"breadcrumb\":{\"@id\":\"https:\/\/demo5.newmediaguru.co\/bestattungen-anton-wp\/im-trauerfall\/#breadcrumb\"},\"inLanguage\":\"de\",\"potentialAction\":[{\"@type\":\"ReadAction\",\"target\":[\"https:\/\/demo5.newmediaguru.co\/bestattungen-anton-wp\/im-trauerfall\/\"]}]},{\"@type\":\"ImageObject\",\"inLanguage\":\"de\",\"@id\":\"https:\/\/demo5.newmediaguru.co\/bestattungen-anton-wp\/im-trauerfall\/#primaryimage\",\"url\":\"https:\/\/demo5.newmediaguru.co\/bestattungen-anton-wp\/wp-content\/uploads\/2025\/12\/3_h_leistungen.jpg\",\"contentUrl\":\"https:\/\/demo5.newmediaguru.co\/bestattungen-anton-wp\/wp-content\/uploads\/2025\/12\/3_h_leistungen.jpg\",\"width\":2000,\"height\":1334},{\"@type\":\"BreadcrumbList\",\"@id\":\"https:\/\/demo5.newmediaguru.co\/bestattungen-anton-wp\/im-trauerfall\/#breadcrumb\",\"itemListElement\":[{\"@type\":\"ListItem\",\"position\":1,\"name\":\"Home\",\"item\":\"https:\/\/demo5.newmediaguru.co\/bestattungen-anton-wp\/\"},{\"@type\":\"ListItem\",\"position\":2,\"name\":\"Im Trauerfall\"}]},{\"@type\":\"WebSite\",\"@id\":\"https:\/\/demo5.newmediaguru.co\/bestattungen-anton-wp\/#website\",\"url\":\"https:\/\/demo5.newmediaguru.co\/bestattungen-anton-wp\/\",\"name\":\"bestattungen-anton-wp\",\"description\":\"\",\"publisher\":{\"@id\":\"https:\/\/demo5.newmediaguru.co\/bestattungen-anton-wp\/#organization\"},\"potentialAction\":[{\"@type\":\"SearchAction\",\"target\":{\"@type\":\"EntryPoint\",\"urlTemplate\":\"https:\/\/demo5.newmediaguru.co\/bestattungen-anton-wp\/?s={search_term_string}\"},\"query-input\":{\"@type\":\"PropertyValueSpecification\",\"valueRequired\":true,\"valueName\":\"search_term_string\"}}],\"inLanguage\":\"de\"},{\"@type\":\"Organization\",\"@id\":\"https:\/\/demo5.newmediaguru.co\/bestattungen-anton-wp\/#organization\",\"name\":\"bestattungen-anton-wp\",\"url\":\"https:\/\/demo5.newmediaguru.co\/bestattungen-anton-wp\/\",\"logo\":{\"@type\":\"ImageObject\",\"inLanguage\":\"de\",\"@id\":\"https:\/\/demo5.newmediaguru.co\/bestattungen-anton-wp\/#\/schema\/logo\/image\/\",\"url\":\"https:\/\/demo5.newmediaguru.co\/bestattungen-anton-wp\/wp-content\/uploads\/2025\/12\/2024_anton_logo_zeichen_links-c43a58d9.png\",\"contentUrl\":\"https:\/\/demo5.newmediaguru.co\/bestattungen-anton-wp\/wp-content\/uploads\/2025\/12\/2024_anton_logo_zeichen_links-c43a58d9.png\",\"width\":500,\"height\":125,\"caption\":\"bestattungen-anton-wp\"},\"image\":{\"@id\":\"https:\/\/demo5.newmediaguru.co\/bestattungen-anton-wp\/#\/schema\/logo\/image\/\"}}]}<\/script>\n<!-- \/ Yoast SEO plugin. -->","yoast_head_json":{"title":"Im Trauerfall - bestattungen-anton-wp","robots":{"index":"noindex","follow":"follow","max-snippet":"max-snippet:-1","max-image-preview":"max-image-preview:large","max-video-preview":"max-video-preview:-1"},"og_locale":"de_DE","og_type":"article","og_title":"Im Trauerfall - bestattungen-anton-wp","og_description":"Wir k\u00fcmmern uns um alles \u2013 ganz nach Ihren W\u00fcnschen. Gerne organisieren wir f\u00fcr Sie die gesamte Trauerfeier und Beisetzung inklusive aller Formalit\u00e4ten und Termin\u00adabsprachen mit Kirche, Friedhof und Dienstleistern. Manchmal hilft es Trauernden, sich aktiv an den Vorbereitungen f\u00fcr die Abschiednahme zu beteiligen. Deshalb entscheiden Sie, was Sie in unsere erfahrenen H\u00e4nde geben und [&hellip;]","og_url":"https:\/\/demo5.newmediaguru.co\/bestattungen-anton-wp\/im-trauerfall\/","og_site_name":"bestattungen-anton-wp","article_modified_time":"2026-01-28T11:41:38+00:00","og_image":[{"width":2000,"height":1334,"url":"https:\/\/demo5.newmediaguru.co\/bestattungen-anton-wp\/wp-content\/uploads\/2025\/12\/3_h_leistungen.jpg","type":"image\/jpeg"}],"twitter_card":"summary_large_image","twitter_misc":{"Gesch\u00e4tzte Lesezeit":"4\u00a0Minuten"},"schema":{"@context":"https:\/\/schema.org","@graph":[{"@type":"WebPage","@id":"https:\/\/demo5.newmediaguru.co\/bestattungen-anton-wp\/im-trauerfall\/","url":"https:\/\/demo5.newmediaguru.co\/bestattungen-anton-wp\/im-trauerfall\/","name":"Im Trauerfall - bestattungen-anton-wp","isPartOf":{"@id":"https:\/\/demo5.newmediaguru.co\/bestattungen-anton-wp\/#website"},"primaryImageOfPage":{"@id":"https:\/\/demo5.newmediaguru.co\/bestattungen-anton-wp\/im-trauerfall\/#primaryimage"},"image":{"@id":"https:\/\/demo5.newmediaguru.co\/bestattungen-anton-wp\/im-trauerfall\/#primaryimage"},"thumbnailUrl":"https:\/\/demo5.newmediaguru.co\/bestattungen-anton-wp\/wp-content\/uploads\/2025\/12\/3_h_leistungen.jpg","datePublished":"2025-12-20T11:53:05+00:00","dateModified":"2026-01-28T11:41:38+00:00","breadcrumb":{"@id":"https:\/\/demo5.newmediaguru.co\/bestattungen-anton-wp\/im-trauerfall\/#breadcrumb"},"inLanguage":"de","potentialAction":[{"@type":"ReadAction","target":["https:\/\/demo5.newmediaguru.co\/bestattungen-anton-wp\/im-trauerfall\/"]}]},{"@type":"ImageObject","inLanguage":"de","@id":"https:\/\/demo5.newmediaguru.co\/bestattungen-anton-wp\/im-trauerfall\/#primaryimage","url":"https:\/\/demo5.newmediaguru.co\/bestattungen-anton-wp\/wp-content\/uploads\/2025\/12\/3_h_leistungen.jpg","contentUrl":"https:\/\/demo5.newmediaguru.co\/bestattungen-anton-wp\/wp-content\/uploads\/2025\/12\/3_h_leistungen.jpg","width":2000,"height":1334},{"@type":"BreadcrumbList","@id":"https:\/\/demo5.newmediaguru.co\/bestattungen-anton-wp\/im-trauerfall\/#breadcrumb","itemListElement":[{"@type":"ListItem","position":1,"name":"Home","item":"https:\/\/demo5.newmediaguru.co\/bestattungen-anton-wp\/"},{"@type":"ListItem","position":2,"name":"Im Trauerfall"}]},{"@type":"WebSite","@id":"https:\/\/demo5.newmediaguru.co\/bestattungen-anton-wp\/#website","url":"https:\/\/demo5.newmediaguru.co\/bestattungen-anton-wp\/","name":"bestattungen-anton-wp","description":"","publisher":{"@id":"https:\/\/demo5.newmediaguru.co\/bestattungen-anton-wp\/#organization"},"potentialAction":[{"@type":"SearchAction","target":{"@type":"EntryPoint","urlTemplate":"https:\/\/demo5.newmediaguru.co\/bestattungen-anton-wp\/?s={search_term_string}"},"query-input":{"@type":"PropertyValueSpecification","valueRequired":true,"valueName":"search_term_string"}}],"inLanguage":"de"},{"@type":"Organization","@id":"https:\/\/demo5.newmediaguru.co\/bestattungen-anton-wp\/#organization","name":"bestattungen-anton-wp","url":"https:\/\/demo5.newmediaguru.co\/bestattungen-anton-wp\/","logo":{"@type":"ImageObject","inLanguage":"de","@id":"https:\/\/demo5.newmediaguru.co\/bestattungen-anton-wp\/#\/schema\/logo\/image\/","url":"https:\/\/demo5.newmediaguru.co\/bestattungen-anton-wp\/wp-content\/uploads\/2025\/12\/2024_anton_logo_zeichen_links-c43a58d9.png","contentUrl":"https:\/\/demo5.newmediaguru.co\/bestattungen-anton-wp\/wp-content\/uploads\/2025\/12\/2024_anton_logo_zeichen_links-c43a58d9.png","width":500,"height":125,"caption":"bestattungen-anton-wp"},"image":{"@id":"https:\/\/demo5.newmediaguru.co\/bestattungen-anton-wp\/#\/schema\/logo\/image\/"}}]}},"_links":{"self":[{"href":"https:\/\/demo5.newmediaguru.co\/bestattungen-anton-wp\/wp-json\/wp\/v2\/pages\/231","targetHints":{"allow":["GET"]}}],"collection":[{"href":"https:\/\/demo5.newmediaguru.co\/bestattungen-anton-wp\/wp-json\/wp\/v2\/pages"}],"about":[{"href":"https:\/\/demo5.newmediaguru.co\/bestattungen-anton-wp\/wp-json\/wp\/v2\/types\/page"}],"author":[{"embeddable":true,"href":"https:\/\/demo5.newmediaguru.co\/bestattungen-anton-wp\/wp-json\/wp\/v2\/users\/1"}],"replies":[{"embeddable":true,"href":"https:\/\/demo5.newmediaguru.co\/bestattungen-anton-wp\/wp-json\/wp\/v2\/comments?post=231"}],"version-history":[{"count":128,"href":"https:\/\/demo5.newmediaguru.co\/bestattungen-anton-wp\/wp-json\/wp\/v2\/pages\/231\/revisions"}],"predecessor-version":[{"id":1761,"href":"https:\/\/demo5.newmediaguru.co\/bestattungen-anton-wp\/wp-json\/wp\/v2\/pages\/231\/revisions\/1761"}],"wp:featuredmedia":[{"embeddable":true,"href":"https:\/\/demo5.newmediaguru.co\/bestattungen-anton-wp\/wp-json\/wp\/v2\/media\/1163"}],"wp:attachment":[{"href":"https:\/\/demo5.newmediaguru.co\/bestattungen-anton-wp\/wp-json\/wp\/v2\/media?parent=231"}],"curies":[{"name":"wp","href":"https:\/\/api.w.org\/{rel}","templated":true}]}}