{"id":171,"date":"2025-12-20T11:16:58","date_gmt":"2025-12-20T11:16:58","guid":{"rendered":"https:\/\/demo5.newmediaguru.co\/bestattungen-anton-wp\/?page_id=171"},"modified":"2026-01-22T12:17:49","modified_gmt":"2026-01-22T12:17:49","slug":"das-sind-wir","status":"publish","type":"page","link":"https:\/\/demo5.newmediaguru.co\/bestattungen-anton-wp\/ueber-uns\/das-sind-wir\/","title":{"rendered":"Das sind wir"},"content":{"rendered":"\t\t<div data-elementor-type=\"wp-page\" data-elementor-id=\"171\" class=\"elementor elementor-171\" data-elementor-post-type=\"page\">\n\t\t\t\t<div class=\"elementor-element elementor-element-2036066 e-flex e-con-boxed e-con e-parent\" data-id=\"2036066\" data-element_type=\"container\">\n\t\t\t\t\t<div class=\"e-con-inner\">\n\t\t<div class=\"elementor-element elementor-element-e284c2c e-con-full e-flex e-con e-child\" data-id=\"e284c2c\" data-element_type=\"container\" data-settings=\"{&quot;background_background&quot;:&quot;classic&quot;}\">\n\t\t\t\t<div class=\"elementor-element elementor-element-330ce0d elementor-widget__width-initial h1-main_heading elementor-widget elementor-widget-heading\" data-id=\"330ce0d\" data-element_type=\"widget\" data-widget_type=\"heading.default\">\n\t\t\t\t\t<h1 class=\"elementor-heading-title elementor-size-default\">ANTON Bestattungen \u2013<br>\nweil jeder Mensch besonders ist.<\/h1>\t\t\t\t<\/div>\n\t\t<div class=\"elementor-element elementor-element-9a945f9 e-con-full e-flex e-con e-child\" data-id=\"9a945f9\" data-element_type=\"container\">\n\t\t<div class=\"elementor-element elementor-element-e4905f1 e-con-full e-flex e-con e-child\" data-id=\"e4905f1\" data-element_type=\"container\">\n\t\t\t\t<div class=\"elementor-element elementor-element-b88e1de elementor-widget elementor-widget-text-editor\" data-id=\"b88e1de\" data-element_type=\"widget\" data-widget_type=\"text-editor.default\">\n\t\t\t\t\t\t\t\t\t<p>So individuell wie jedes Leben verl\u00e4uft, so sollte auch der Abschied sein. Das ist unsere \u00dcberzeugung und deshalb m\u00f6chten wir jeden uns anver\u00adtrauten verstorbenen Menschen so auf den letzten Weg bringen, wie es f\u00fcr ihn selbst und f\u00fcr Sie als Hinter\u00adbliebene stimmig und angemessen ist. Pers\u00f6nliche W\u00fcnsche respek\u00adtieren wir dabei genauso wie religi\u00f6se Einstellungen.<\/p><p>Die Beratung und Begleitung stimmen wir immer auf die jeweiligen Bed\u00fcrfnisse der trauernden Angeh\u00f6rigen ab. In unserem Abschieds\u00adraum geben wir Ihnen die M\u00f6glichkeit, noch einmal gemeinsame Momente mit dem Verstorbenen zu verbringen, um den Verlust zu begreifen und den Trauerprozess positiv zu beeinflussen.<\/p><p>Gerne entasten wir Sie von Formalit\u00e4ten und Erledigungen \u2013 und geben Ihnen gleichzeitig die M\u00f6glichkeit, sich jederzeit selbst einzubringen, soweit sie dies m\u00f6chten.<\/p>\t\t\t\t\t\t\t\t<\/div>\n\t\t\t\t<\/div>\n\t\t<div class=\"elementor-element elementor-element-19a28cc e-con-full e-flex e-con e-child\" data-id=\"19a28cc\" data-element_type=\"container\">\n\t\t\t\t<div class=\"elementor-element elementor-element-790e149 elementor-widget elementor-widget-image\" data-id=\"790e149\" data-element_type=\"widget\" data-widget_type=\"image.default\">\n\t\t\t\t\t\t\t\t\t\t\t\t\t\t\t<img fetchpriority=\"high\" decoding=\"async\" width=\"600\" height=\"360\" src=\"https:\/\/demo5.newmediaguru.co\/bestattungen-anton-wp\/wp-content\/uploads\/2025\/12\/neustadt_schaufenster_9300-c2287f51.jpg\" class=\"attachment-full size-full wp-image-670\" alt=\"\" srcset=\"https:\/\/demo5.newmediaguru.co\/bestattungen-anton-wp\/wp-content\/uploads\/2025\/12\/neustadt_schaufenster_9300-c2287f51.jpg 600w, https:\/\/demo5.newmediaguru.co\/bestattungen-anton-wp\/wp-content\/uploads\/2025\/12\/neustadt_schaufenster_9300-c2287f51-300x180.jpg 300w\" sizes=\"(max-width: 600px) 100vw, 600px\" \/>\t\t\t\t\t\t\t\t\t\t\t\t\t\t\t<\/div>\n\t\t\t\t<\/div>\n\t\t\t\t<\/div>\n\t\t\t\t<\/div>\n\t\t<div class=\"elementor-element elementor-element-2bea3ad e-con-full e-flex e-con e-child\" data-id=\"2bea3ad\" data-element_type=\"container\" data-settings=\"{&quot;background_background&quot;:&quot;classic&quot;}\">\n\t\t\t\t<div class=\"elementor-element elementor-element-26ca43e elementor-widget__width-initial elementor-widget elementor-widget-heading\" data-id=\"26ca43e\" data-element_type=\"widget\" data-widget_type=\"heading.default\">\n\t\t\t\t\t<h2 class=\"elementor-heading-title elementor-size-default\">Ihre Ansprechpartner<\/h2>\t\t\t\t<\/div>\n\t\t\t\t<div class=\"elementor-element elementor-element-b5fde57 elementor-widget__width-initial elementor-widget elementor-widget-heading\" data-id=\"b5fde57\" data-element_type=\"widget\" data-widget_type=\"heading.default\">\n\t\t\t\t\t<h2 class=\"elementor-heading-title elementor-size-default\">Gunter Anton<\/h2>\t\t\t\t<\/div>\n\t\t\t\t<div class=\"elementor-element elementor-element-345c51d elementor-widget__width-initial elementor-widget elementor-widget-text-editor\" data-id=\"345c51d\" data-element_type=\"widget\" data-widget_type=\"text-editor.default\">\n\t\t\t\t\t\t\t\t\t<p class=\"h3\">Inhaber<br \/>Thanatologe und Kommunikationspsychologe<\/p>\t\t\t\t\t\t\t\t<\/div>\n\t\t\t\t<div class=\"elementor-element elementor-element-94f0513 elementor-widget__width-initial elementor-widget elementor-widget-heading\" data-id=\"94f0513\" data-element_type=\"widget\" data-widget_type=\"heading.default\">\n\t\t\t\t\t<h2 class=\"elementor-heading-title elementor-size-default\">Johann Anton<\/h2>\t\t\t\t<\/div>\n\t\t\t\t<div class=\"elementor-element elementor-element-ed6d1c6 elementor-widget__width-initial elementor-widget elementor-widget-text-editor\" data-id=\"ed6d1c6\" data-element_type=\"widget\" data-widget_type=\"text-editor.default\">\n\t\t\t\t\t\t\t\t\t<p class=\"h3\">Bestattungsfachkraft und Gepr\u00fcfter Fachmann f\u00fcr kaufm\u00e4nnische Betriebsf\u00fchrung (HwO)<\/p>\t\t\t\t\t\t\t\t<\/div>\n\t\t\t\t<div class=\"elementor-element elementor-element-01e3219 elementor-widget__width-initial elementor-widget elementor-widget-heading\" data-id=\"01e3219\" data-element_type=\"widget\" data-widget_type=\"heading.default\">\n\t\t\t\t\t<h2 class=\"elementor-heading-title elementor-size-default\">Jacqueline Robert<\/h2>\t\t\t\t<\/div>\n\t\t\t\t<div class=\"elementor-element elementor-element-bcd2733 elementor-widget__width-initial elementor-widget elementor-widget-text-editor\" data-id=\"bcd2733\" data-element_type=\"widget\" data-widget_type=\"text-editor.default\">\n\t\t\t\t\t\t\t\t\t<p class=\"h3\">Beraterin<\/p>\t\t\t\t\t\t\t\t<\/div>\n\t\t\t\t<div class=\"elementor-element elementor-element-46e5756 elementor-widget__width-initial elementor-widget elementor-widget-heading\" data-id=\"46e5756\" data-element_type=\"widget\" data-widget_type=\"heading.default\">\n\t\t\t\t\t<h2 class=\"elementor-heading-title elementor-size-default\">Udo Seifert<\/h2>\t\t\t\t<\/div>\n\t\t\t\t<div class=\"elementor-element elementor-element-d39cf0d elementor-widget__width-initial elementor-widget elementor-widget-text-editor\" data-id=\"d39cf0d\" data-element_type=\"widget\" data-widget_type=\"text-editor.default\">\n\t\t\t\t\t\t\t\t\t<p class=\"h3\">\u00dcberf\u00fchrung, Versorgung und Trauerfeiern<\/p>\t\t\t\t\t\t\t\t<\/div>\n\t\t\t\t<\/div>\n\t\t<div class=\"elementor-element elementor-element-603cdbe e-con-full e-flex e-con e-child\" data-id=\"603cdbe\" data-element_type=\"container\" data-settings=\"{&quot;background_background&quot;:&quot;classic&quot;}\">\n\t\t\t\t<div class=\"elementor-element elementor-element-be77e41 elementor-widget__width-initial elementor-widget elementor-widget-heading\" data-id=\"be77e41\" data-element_type=\"widget\" data-widget_type=\"heading.default\">\n\t\t\t\t\t<h2 class=\"elementor-heading-title elementor-size-default\">ANTON Bestattungen in Neustadt.<\/h2>\t\t\t\t<\/div>\n\t\t\t\t<div class=\"elementor-element elementor-element-bbe52f3 elementor-widget__width-initial elementor-widget elementor-widget-text-editor\" data-id=\"bbe52f3\" data-element_type=\"widget\" data-widget_type=\"text-editor.default\">\n\t\t\t\t\t\t\t\t\t<p>1996 wurde unser Bestattungs\u00adunternehmen in Neustadt in Sachsen gegr\u00fcndet. Neben einem Beratungsraum und einer Ausstellung mit S\u00e4rgen und Urnen haben wir hier auch einen Raum f\u00fcr die pers\u00f6nliche Verabschiedung vom Verstorbenen f\u00fcr Sie eingerichtet.<\/p>\t\t\t\t\t\t\t\t<\/div>\n\t\t<div class=\"elementor-element elementor-element-6a0c9d2 e-con-full e-flex e-con e-child\" data-id=\"6a0c9d2\" data-element_type=\"container\">\n\t\t<div class=\"elementor-element elementor-element-b338097 e-con-full e-flex e-con e-child\" data-id=\"b338097\" data-element_type=\"container\" data-settings=\"{&quot;animation&quot;:&quot;none&quot;}\">\n\t\t\t\t<div class=\"elementor-element elementor-element-f765f24 e-transform elementor-widget elementor-widget-image\" data-id=\"f765f24\" data-element_type=\"widget\" data-settings=\"{&quot;_transform_scale_effect_hover&quot;:{&quot;unit&quot;:&quot;px&quot;,&quot;size&quot;:1.1,&quot;sizes&quot;:[]},&quot;_transform_scale_effect_hover_laptop&quot;:{&quot;unit&quot;:&quot;px&quot;,&quot;size&quot;:&quot;&quot;,&quot;sizes&quot;:[]},&quot;_transform_scale_effect_hover_tablet_extra&quot;:{&quot;unit&quot;:&quot;px&quot;,&quot;size&quot;:&quot;&quot;,&quot;sizes&quot;:[]},&quot;_transform_scale_effect_hover_tablet&quot;:{&quot;unit&quot;:&quot;px&quot;,&quot;size&quot;:&quot;&quot;,&quot;sizes&quot;:[]},&quot;_transform_scale_effect_hover_mobile_extra&quot;:{&quot;unit&quot;:&quot;px&quot;,&quot;size&quot;:&quot;&quot;,&quot;sizes&quot;:[]},&quot;_transform_scale_effect_hover_mobile&quot;:{&quot;unit&quot;:&quot;px&quot;,&quot;size&quot;:&quot;&quot;,&quot;sizes&quot;:[]}}\" data-widget_type=\"image.default\">\n\t\t\t\t\t\t\t\t\t\t\t\t\t\t\t<img decoding=\"async\" width=\"450\" height=\"300\" src=\"https:\/\/demo5.newmediaguru.co\/bestattungen-anton-wp\/wp-content\/uploads\/2025\/12\/ansicht2_kl-bd6dba9e.jpg\" class=\"attachment-full size-full wp-image-729\" alt=\"\" srcset=\"https:\/\/demo5.newmediaguru.co\/bestattungen-anton-wp\/wp-content\/uploads\/2025\/12\/ansicht2_kl-bd6dba9e.jpg 450w, https:\/\/demo5.newmediaguru.co\/bestattungen-anton-wp\/wp-content\/uploads\/2025\/12\/ansicht2_kl-bd6dba9e-300x200.jpg 300w\" sizes=\"(max-width: 450px) 100vw, 450px\" \/>\t\t\t\t\t\t\t\t\t\t\t\t\t\t\t<\/div>\n\t\t\t\t<\/div>\n\t\t<div class=\"elementor-element elementor-element-3bbc0dc e-con-full e-flex e-con e-child\" data-id=\"3bbc0dc\" data-element_type=\"container\">\n\t\t\t\t<div class=\"elementor-element elementor-element-d698fb7 e-transform e-transform elementor-widget elementor-widget-image\" data-id=\"d698fb7\" data-element_type=\"widget\" data-settings=\"{&quot;_transform_scale_effect&quot;:{&quot;unit&quot;:&quot;px&quot;,&quot;size&quot;:1,&quot;sizes&quot;:[]},&quot;_transform_scale_effect_hover&quot;:{&quot;unit&quot;:&quot;px&quot;,&quot;size&quot;:1.1,&quot;sizes&quot;:[]},&quot;_transform_scale_effect_laptop&quot;:{&quot;unit&quot;:&quot;px&quot;,&quot;size&quot;:&quot;&quot;,&quot;sizes&quot;:[]},&quot;_transform_scale_effect_tablet_extra&quot;:{&quot;unit&quot;:&quot;px&quot;,&quot;size&quot;:&quot;&quot;,&quot;sizes&quot;:[]},&quot;_transform_scale_effect_tablet&quot;:{&quot;unit&quot;:&quot;px&quot;,&quot;size&quot;:&quot;&quot;,&quot;sizes&quot;:[]},&quot;_transform_scale_effect_mobile_extra&quot;:{&quot;unit&quot;:&quot;px&quot;,&quot;size&quot;:&quot;&quot;,&quot;sizes&quot;:[]},&quot;_transform_scale_effect_mobile&quot;:{&quot;unit&quot;:&quot;px&quot;,&quot;size&quot;:&quot;&quot;,&quot;sizes&quot;:[]},&quot;_transform_scale_effect_hover_laptop&quot;:{&quot;unit&quot;:&quot;px&quot;,&quot;size&quot;:&quot;&quot;,&quot;sizes&quot;:[]},&quot;_transform_scale_effect_hover_tablet_extra&quot;:{&quot;unit&quot;:&quot;px&quot;,&quot;size&quot;:&quot;&quot;,&quot;sizes&quot;:[]},&quot;_transform_scale_effect_hover_tablet&quot;:{&quot;unit&quot;:&quot;px&quot;,&quot;size&quot;:&quot;&quot;,&quot;sizes&quot;:[]},&quot;_transform_scale_effect_hover_mobile_extra&quot;:{&quot;unit&quot;:&quot;px&quot;,&quot;size&quot;:&quot;&quot;,&quot;sizes&quot;:[]},&quot;_transform_scale_effect_hover_mobile&quot;:{&quot;unit&quot;:&quot;px&quot;,&quot;size&quot;:&quot;&quot;,&quot;sizes&quot;:[]}}\" data-widget_type=\"image.default\">\n\t\t\t\t\t\t\t\t\t\t\t\t\t\t\t<img decoding=\"async\" width=\"450\" height=\"300\" src=\"https:\/\/demo5.newmediaguru.co\/bestattungen-anton-wp\/wp-content\/uploads\/2025\/12\/neustadt_beratungsraum-862c5c92.jpg\" class=\"attachment-full size-full wp-image-734\" alt=\"\" srcset=\"https:\/\/demo5.newmediaguru.co\/bestattungen-anton-wp\/wp-content\/uploads\/2025\/12\/neustadt_beratungsraum-862c5c92.jpg 450w, https:\/\/demo5.newmediaguru.co\/bestattungen-anton-wp\/wp-content\/uploads\/2025\/12\/neustadt_beratungsraum-862c5c92-300x200.jpg 300w\" sizes=\"(max-width: 450px) 100vw, 450px\" \/>\t\t\t\t\t\t\t\t\t\t\t\t\t\t\t<\/div>\n\t\t\t\t<\/div>\n\t\t<div class=\"elementor-element elementor-element-a97b7a4 e-con-full e-flex e-con e-child\" data-id=\"a97b7a4\" data-element_type=\"container\">\n\t\t\t\t<div class=\"elementor-element elementor-element-7b8e9b6 e-transform elementor-widget elementor-widget-image\" data-id=\"7b8e9b6\" data-element_type=\"widget\" data-settings=\"{&quot;_transform_scale_effect_hover&quot;:{&quot;unit&quot;:&quot;px&quot;,&quot;size&quot;:1.1,&quot;sizes&quot;:[]},&quot;_transform_scale_effect_hover_laptop&quot;:{&quot;unit&quot;:&quot;px&quot;,&quot;size&quot;:&quot;&quot;,&quot;sizes&quot;:[]},&quot;_transform_scale_effect_hover_tablet_extra&quot;:{&quot;unit&quot;:&quot;px&quot;,&quot;size&quot;:&quot;&quot;,&quot;sizes&quot;:[]},&quot;_transform_scale_effect_hover_tablet&quot;:{&quot;unit&quot;:&quot;px&quot;,&quot;size&quot;:&quot;&quot;,&quot;sizes&quot;:[]},&quot;_transform_scale_effect_hover_mobile_extra&quot;:{&quot;unit&quot;:&quot;px&quot;,&quot;size&quot;:&quot;&quot;,&quot;sizes&quot;:[]},&quot;_transform_scale_effect_hover_mobile&quot;:{&quot;unit&quot;:&quot;px&quot;,&quot;size&quot;:&quot;&quot;,&quot;sizes&quot;:[]}}\" data-widget_type=\"image.default\">\n\t\t\t\t\t\t\t\t\t\t\t\t\t\t\t<img loading=\"lazy\" decoding=\"async\" width=\"450\" height=\"300\" src=\"https:\/\/demo5.newmediaguru.co\/bestattungen-anton-wp\/wp-content\/uploads\/2025\/12\/neustadt_ausstellung_1-6cea1d3b.jpg\" class=\"attachment-full size-full wp-image-735\" alt=\"\" srcset=\"https:\/\/demo5.newmediaguru.co\/bestattungen-anton-wp\/wp-content\/uploads\/2025\/12\/neustadt_ausstellung_1-6cea1d3b.jpg 450w, https:\/\/demo5.newmediaguru.co\/bestattungen-anton-wp\/wp-content\/uploads\/2025\/12\/neustadt_ausstellung_1-6cea1d3b-300x200.jpg 300w\" sizes=\"(max-width: 450px) 100vw, 450px\" \/>\t\t\t\t\t\t\t\t\t\t\t\t\t\t\t<\/div>\n\t\t\t\t<\/div>\n\t\t\t\t<\/div>\n\t\t\t\t<\/div>\n\t\t<div class=\"elementor-element elementor-element-e52ce3d e-con-full e-flex e-con e-child\" data-id=\"e52ce3d\" data-element_type=\"container\" data-settings=\"{&quot;background_background&quot;:&quot;classic&quot;}\">\n\t\t\t\t<div class=\"elementor-element elementor-element-72cfb04 elementor-widget__width-initial elementor-widget elementor-widget-heading\" data-id=\"72cfb04\" data-element_type=\"widget\" data-widget_type=\"heading.default\">\n\t\t\t\t\t<h2 class=\"elementor-heading-title elementor-size-default\">ANTON Bestattungen in Sebnitz.<\/h2>\t\t\t\t<\/div>\n\t\t\t\t<div class=\"elementor-element elementor-element-7c83499 elementor-widget__width-initial elementor-widget elementor-widget-text-editor\" data-id=\"7c83499\" data-element_type=\"widget\" data-widget_type=\"text-editor.default\">\n\t\t\t\t\t\t\t\t\t<p class=\"h3\">Im Jahr 2013 haben wir das 1991 gegr\u00fcndete Bestattungs\u00adhaus Thoms &amp; Neldner in Sebnitz \u00fcbernommen. Auch an unserem Standort in der Zwingerstra\u00dfe in Sebnitz beraten wir Sie zu allen Fragen rund um den Trauerfall und die Bestattungs\u00advorsorge. In unserer Ausstellung sehen Sie unter\u00adschiedliche Sarg- und Urnenmodelle.<\/p>\t\t\t\t\t\t\t\t<\/div>\n\t\t\t\t<\/div>\n\t\t\t\t<div class=\"elementor-element elementor-element-2256e5e elementor-arrows-position-outside elementor-pagination-position-outside elementor-widget elementor-widget-image-carousel\" data-id=\"2256e5e\" data-element_type=\"widget\" data-settings=\"{&quot;image_spacing_custom&quot;:{&quot;unit&quot;:&quot;px&quot;,&quot;size&quot;:14,&quot;sizes&quot;:[]},&quot;navigation&quot;:&quot;both&quot;,&quot;speed&quot;:500,&quot;image_spacing_custom_laptop&quot;:{&quot;unit&quot;:&quot;px&quot;,&quot;size&quot;:&quot;&quot;,&quot;sizes&quot;:[]},&quot;image_spacing_custom_tablet_extra&quot;:{&quot;unit&quot;:&quot;px&quot;,&quot;size&quot;:&quot;&quot;,&quot;sizes&quot;:[]},&quot;image_spacing_custom_tablet&quot;:{&quot;unit&quot;:&quot;px&quot;,&quot;size&quot;:&quot;&quot;,&quot;sizes&quot;:[]},&quot;image_spacing_custom_mobile_extra&quot;:{&quot;unit&quot;:&quot;px&quot;,&quot;size&quot;:&quot;&quot;,&quot;sizes&quot;:[]},&quot;image_spacing_custom_mobile&quot;:{&quot;unit&quot;:&quot;px&quot;,&quot;size&quot;:&quot;&quot;,&quot;sizes&quot;:[]}}\" data-widget_type=\"image-carousel.default\">\n\t\t\t\t\t\t\t<div class=\"elementor-image-carousel-wrapper swiper\" role=\"region\" aria-roledescription=\"carousel\" aria-label=\"Image Carousel\" dir=\"ltr\">\n\t\t\t<div class=\"elementor-image-carousel swiper-wrapper swiper-image-stretch\" aria-live=\"polite\">\n\t\t\t\t\t\t\t\t<div class=\"swiper-slide\" role=\"group\" aria-roledescription=\"slide\" aria-label=\"1 von 4\"><a data-elementor-open-lightbox=\"yes\" data-elementor-lightbox-slideshow=\"2256e5e\" data-elementor-lightbox-title=\"sebnitz_fassade_0549-359b2f73\" data-e-action-hash=\"#elementor-action%3Aaction%3Dlightbox%26settings%3DeyJpZCI6NzU3LCJ1cmwiOiJodHRwczpcL1wvZGVtbzUubmV3bWVkaWFndXJ1LmNvXC9iZXN0YXR0dW5nZW4tYW50b24td3BcL3dwLWNvbnRlbnRcL3VwbG9hZHNcLzIwMjVcLzEyXC9zZWJuaXR6X2Zhc3NhZGVfMDU0OS0zNTliMmY3My5qcGciLCJzbGlkZXNob3ciOiIyMjU2ZTVlIn0%3D\" href=\"https:\/\/demo5.newmediaguru.co\/bestattungen-anton-wp\/wp-content\/uploads\/2025\/12\/sebnitz_fassade_0549-359b2f73.jpg\"><figure class=\"swiper-slide-inner\"><img decoding=\"async\" class=\"swiper-slide-image\" src=\"https:\/\/demo5.newmediaguru.co\/bestattungen-anton-wp\/wp-content\/uploads\/2025\/12\/sebnitz_fassade_0549-359b2f73.jpg\" alt=\"sebnitz_fassade_0549-359b2f73\" \/><\/figure><\/a><\/div><div class=\"swiper-slide\" role=\"group\" aria-roledescription=\"slide\" aria-label=\"2 von 4\"><a data-elementor-open-lightbox=\"yes\" data-elementor-lightbox-slideshow=\"2256e5e\" data-elementor-lightbox-title=\"sebnitz_beratungsraum-ae395f4b\" data-e-action-hash=\"#elementor-action%3Aaction%3Dlightbox%26settings%3DeyJpZCI6NzU2LCJ1cmwiOiJodHRwczpcL1wvZGVtbzUubmV3bWVkaWFndXJ1LmNvXC9iZXN0YXR0dW5nZW4tYW50b24td3BcL3dwLWNvbnRlbnRcL3VwbG9hZHNcLzIwMjVcLzEyXC9zZWJuaXR6X2JlcmF0dW5nc3JhdW0tYWUzOTVmNGIuanBnIiwic2xpZGVzaG93IjoiMjI1NmU1ZSJ9\" href=\"https:\/\/demo5.newmediaguru.co\/bestattungen-anton-wp\/wp-content\/uploads\/2025\/12\/sebnitz_beratungsraum-ae395f4b.jpg\"><figure class=\"swiper-slide-inner\"><img decoding=\"async\" class=\"swiper-slide-image\" src=\"https:\/\/demo5.newmediaguru.co\/bestattungen-anton-wp\/wp-content\/uploads\/2025\/12\/sebnitz_beratungsraum-ae395f4b.jpg\" alt=\"sebnitz_beratungsraum-ae395f4b\" \/><\/figure><\/a><\/div><div class=\"swiper-slide\" role=\"group\" aria-roledescription=\"slide\" aria-label=\"3 von 4\"><a data-elementor-open-lightbox=\"yes\" data-elementor-lightbox-slideshow=\"2256e5e\" data-elementor-lightbox-title=\"sebnitz_beratung_2-ebab1c48\" data-e-action-hash=\"#elementor-action%3Aaction%3Dlightbox%26settings%3DeyJpZCI6NzU1LCJ1cmwiOiJodHRwczpcL1wvZGVtbzUubmV3bWVkaWFndXJ1LmNvXC9iZXN0YXR0dW5nZW4tYW50b24td3BcL3dwLWNvbnRlbnRcL3VwbG9hZHNcLzIwMjVcLzEyXC9zZWJuaXR6X2JlcmF0dW5nXzItZWJhYjFjNDguanBnIiwic2xpZGVzaG93IjoiMjI1NmU1ZSJ9\" href=\"https:\/\/demo5.newmediaguru.co\/bestattungen-anton-wp\/wp-content\/uploads\/2025\/12\/sebnitz_beratung_2-ebab1c48.jpg\"><figure class=\"swiper-slide-inner\"><img decoding=\"async\" class=\"swiper-slide-image\" src=\"https:\/\/demo5.newmediaguru.co\/bestattungen-anton-wp\/wp-content\/uploads\/2025\/12\/sebnitz_beratung_2-ebab1c48.jpg\" alt=\"sebnitz_beratung_2-ebab1c48\" \/><\/figure><\/a><\/div><div class=\"swiper-slide\" role=\"group\" aria-roledescription=\"slide\" aria-label=\"4 von 4\"><a data-elementor-open-lightbox=\"yes\" data-elementor-lightbox-slideshow=\"2256e5e\" data-elementor-lightbox-title=\"sebnitz_ausstellung-5abbe3c9\" data-e-action-hash=\"#elementor-action%3Aaction%3Dlightbox%26settings%3DeyJpZCI6NzU0LCJ1cmwiOiJodHRwczpcL1wvZGVtbzUubmV3bWVkaWFndXJ1LmNvXC9iZXN0YXR0dW5nZW4tYW50b24td3BcL3dwLWNvbnRlbnRcL3VwbG9hZHNcLzIwMjVcLzEyXC9zZWJuaXR6X2F1c3N0ZWxsdW5nLTVhYmJlM2M5LmpwZyIsInNsaWRlc2hvdyI6IjIyNTZlNWUifQ%3D%3D\" href=\"https:\/\/demo5.newmediaguru.co\/bestattungen-anton-wp\/wp-content\/uploads\/2025\/12\/sebnitz_ausstellung-5abbe3c9.jpg\"><figure class=\"swiper-slide-inner\"><img decoding=\"async\" class=\"swiper-slide-image\" src=\"https:\/\/demo5.newmediaguru.co\/bestattungen-anton-wp\/wp-content\/uploads\/2025\/12\/sebnitz_ausstellung-5abbe3c9.jpg\" alt=\"sebnitz_ausstellung-5abbe3c9\" \/><\/figure><\/a><\/div>\t\t\t<\/div>\n\t\t\t\t\t\t\t\t\t\t\t\t<div class=\"elementor-swiper-button elementor-swiper-button-prev\" role=\"button\" tabindex=\"0\">\n\t\t\t\t\t\t<svg aria-hidden=\"true\" class=\"e-font-icon-svg e-eicon-chevron-left\" viewBox=\"0 0 1000 1000\" xmlns=\"http:\/\/www.w3.org\/2000\/svg\"><path d=\"M646 125C629 125 613 133 604 142L308 442C296 454 292 471 292 487 292 504 296 521 308 533L604 854C617 867 629 875 646 875 663 875 679 871 692 858 704 846 713 829 713 812 713 796 708 779 692 767L438 487 692 225C700 217 708 204 708 187 708 171 704 154 692 142 675 129 663 125 646 125Z\"><\/path><\/svg>\t\t\t\t\t<\/div>\n\t\t\t\t\t<div class=\"elementor-swiper-button elementor-swiper-button-next\" role=\"button\" tabindex=\"0\">\n\t\t\t\t\t\t<svg aria-hidden=\"true\" class=\"e-font-icon-svg e-eicon-chevron-right\" viewBox=\"0 0 1000 1000\" xmlns=\"http:\/\/www.w3.org\/2000\/svg\"><path d=\"M696 533C708 521 713 504 713 487 713 471 708 454 696 446L400 146C388 133 375 125 354 125 338 125 325 129 313 142 300 154 292 171 292 187 292 204 296 221 308 233L563 492 304 771C292 783 288 800 288 817 288 833 296 850 308 863 321 871 338 875 354 875 371 875 388 867 400 854L696 533Z\"><\/path><\/svg>\t\t\t\t\t<\/div>\n\t\t\t\t\n\t\t\t\t\t\t\t\t\t<div class=\"swiper-pagination\"><\/div>\n\t\t\t\t\t\t\t\t\t<\/div>\n\t\t\t\t\t\t<\/div>\n\t\t\t\t\t<\/div>\n\t\t\t\t<\/div>\n\t\t\t\t<\/div>\n\t\t","protected":false},"excerpt":{"rendered":"<p>ANTON Bestattungen \u2013 weil jeder Mensch besonders ist. So individuell wie jedes Leben verl\u00e4uft, so sollte auch der Abschied sein. Das ist unsere \u00dcberzeugung und deshalb m\u00f6chten wir jeden uns anver\u00adtrauten verstorbenen Menschen so auf den letzten Weg bringen, wie es f\u00fcr ihn selbst und f\u00fcr Sie als Hinter\u00adbliebene stimmig und angemessen ist. Pers\u00f6nliche W\u00fcnsche [&hellip;]<\/p>\n","protected":false},"author":1,"featured_media":688,"parent":546,"menu_order":0,"comment_status":"closed","ping_status":"closed","template":"","meta":{"footnotes":""},"class_list":["post-171","page","type-page","status-publish","has-post-thumbnail","hentry"],"yoast_head":"<!-- This site is optimized with the Yoast SEO plugin v26.6 - https:\/\/yoast.com\/wordpress\/plugins\/seo\/ -->\n<title>Das sind wir - bestattungen-anton-wp<\/title>\n<meta name=\"robots\" content=\"noindex, follow, max-snippet:-1, max-image-preview:large, max-video-preview:-1\" \/>\n<meta property=\"og:locale\" content=\"de_DE\" \/>\n<meta property=\"og:type\" content=\"article\" \/>\n<meta property=\"og:title\" content=\"Das sind wir - bestattungen-anton-wp\" \/>\n<meta property=\"og:description\" content=\"ANTON Bestattungen \u2013 weil jeder Mensch besonders ist. So individuell wie jedes Leben verl\u00e4uft, so sollte auch der Abschied sein. Das ist unsere \u00dcberzeugung und deshalb m\u00f6chten wir jeden uns anver\u00adtrauten verstorbenen Menschen so auf den letzten Weg bringen, wie es f\u00fcr ihn selbst und f\u00fcr Sie als Hinter\u00adbliebene stimmig und angemessen ist. Pers\u00f6nliche W\u00fcnsche [&hellip;]\" \/>\n<meta property=\"og:url\" content=\"https:\/\/demo5.newmediaguru.co\/bestattungen-anton-wp\/ueber-uns\/das-sind-wir\/\" \/>\n<meta property=\"og:site_name\" content=\"bestattungen-anton-wp\" \/>\n<meta property=\"article:modified_time\" content=\"2026-01-22T12:17:49+00:00\" \/>\n<meta property=\"og:image\" content=\"https:\/\/demo5.newmediaguru.co\/bestattungen-anton-wp\/wp-content\/uploads\/2025\/12\/3_h_optional3.jpg\" \/>\n\t<meta property=\"og:image:width\" content=\"2000\" \/>\n\t<meta property=\"og:image:height\" content=\"1333\" \/>\n\t<meta property=\"og:image:type\" content=\"image\/jpeg\" \/>\n<meta name=\"twitter:card\" content=\"summary_large_image\" \/>\n<meta name=\"twitter:label1\" content=\"Gesch\u00e4tzte Lesezeit\" \/>\n\t<meta name=\"twitter:data1\" content=\"2\u00a0Minuten\" \/>\n<script type=\"application\/ld+json\" class=\"yoast-schema-graph\">{\"@context\":\"https:\/\/schema.org\",\"@graph\":[{\"@type\":\"WebPage\",\"@id\":\"https:\/\/demo5.newmediaguru.co\/bestattungen-anton-wp\/ueber-uns\/das-sind-wir\/\",\"url\":\"https:\/\/demo5.newmediaguru.co\/bestattungen-anton-wp\/ueber-uns\/das-sind-wir\/\",\"name\":\"Das sind wir - bestattungen-anton-wp\",\"isPartOf\":{\"@id\":\"https:\/\/demo5.newmediaguru.co\/bestattungen-anton-wp\/#website\"},\"primaryImageOfPage\":{\"@id\":\"https:\/\/demo5.newmediaguru.co\/bestattungen-anton-wp\/ueber-uns\/das-sind-wir\/#primaryimage\"},\"image\":{\"@id\":\"https:\/\/demo5.newmediaguru.co\/bestattungen-anton-wp\/ueber-uns\/das-sind-wir\/#primaryimage\"},\"thumbnailUrl\":\"https:\/\/demo5.newmediaguru.co\/bestattungen-anton-wp\/wp-content\/uploads\/2025\/12\/3_h_optional3.jpg\",\"datePublished\":\"2025-12-20T11:16:58+00:00\",\"dateModified\":\"2026-01-22T12:17:49+00:00\",\"breadcrumb\":{\"@id\":\"https:\/\/demo5.newmediaguru.co\/bestattungen-anton-wp\/ueber-uns\/das-sind-wir\/#breadcrumb\"},\"inLanguage\":\"de\",\"potentialAction\":[{\"@type\":\"ReadAction\",\"target\":[\"https:\/\/demo5.newmediaguru.co\/bestattungen-anton-wp\/ueber-uns\/das-sind-wir\/\"]}]},{\"@type\":\"ImageObject\",\"inLanguage\":\"de\",\"@id\":\"https:\/\/demo5.newmediaguru.co\/bestattungen-anton-wp\/ueber-uns\/das-sind-wir\/#primaryimage\",\"url\":\"https:\/\/demo5.newmediaguru.co\/bestattungen-anton-wp\/wp-content\/uploads\/2025\/12\/3_h_optional3.jpg\",\"contentUrl\":\"https:\/\/demo5.newmediaguru.co\/bestattungen-anton-wp\/wp-content\/uploads\/2025\/12\/3_h_optional3.jpg\",\"width\":2000,\"height\":1333},{\"@type\":\"BreadcrumbList\",\"@id\":\"https:\/\/demo5.newmediaguru.co\/bestattungen-anton-wp\/ueber-uns\/das-sind-wir\/#breadcrumb\",\"itemListElement\":[{\"@type\":\"ListItem\",\"position\":1,\"name\":\"Home\",\"item\":\"https:\/\/demo5.newmediaguru.co\/bestattungen-anton-wp\/\"},{\"@type\":\"ListItem\",\"position\":2,\"name\":\"ueber-uns\",\"item\":\"https:\/\/demo5.newmediaguru.co\/bestattungen-anton-wp\/ueber-uns\/\"},{\"@type\":\"ListItem\",\"position\":3,\"name\":\"Das sind wir\"}]},{\"@type\":\"WebSite\",\"@id\":\"https:\/\/demo5.newmediaguru.co\/bestattungen-anton-wp\/#website\",\"url\":\"https:\/\/demo5.newmediaguru.co\/bestattungen-anton-wp\/\",\"name\":\"bestattungen-anton-wp\",\"description\":\"\",\"publisher\":{\"@id\":\"https:\/\/demo5.newmediaguru.co\/bestattungen-anton-wp\/#organization\"},\"potentialAction\":[{\"@type\":\"SearchAction\",\"target\":{\"@type\":\"EntryPoint\",\"urlTemplate\":\"https:\/\/demo5.newmediaguru.co\/bestattungen-anton-wp\/?s={search_term_string}\"},\"query-input\":{\"@type\":\"PropertyValueSpecification\",\"valueRequired\":true,\"valueName\":\"search_term_string\"}}],\"inLanguage\":\"de\"},{\"@type\":\"Organization\",\"@id\":\"https:\/\/demo5.newmediaguru.co\/bestattungen-anton-wp\/#organization\",\"name\":\"bestattungen-anton-wp\",\"url\":\"https:\/\/demo5.newmediaguru.co\/bestattungen-anton-wp\/\",\"logo\":{\"@type\":\"ImageObject\",\"inLanguage\":\"de\",\"@id\":\"https:\/\/demo5.newmediaguru.co\/bestattungen-anton-wp\/#\/schema\/logo\/image\/\",\"url\":\"https:\/\/demo5.newmediaguru.co\/bestattungen-anton-wp\/wp-content\/uploads\/2025\/12\/2024_anton_logo_zeichen_links-c43a58d9.png\",\"contentUrl\":\"https:\/\/demo5.newmediaguru.co\/bestattungen-anton-wp\/wp-content\/uploads\/2025\/12\/2024_anton_logo_zeichen_links-c43a58d9.png\",\"width\":500,\"height\":125,\"caption\":\"bestattungen-anton-wp\"},\"image\":{\"@id\":\"https:\/\/demo5.newmediaguru.co\/bestattungen-anton-wp\/#\/schema\/logo\/image\/\"}}]}<\/script>\n<!-- \/ Yoast SEO plugin. -->","yoast_head_json":{"title":"Das sind wir - bestattungen-anton-wp","robots":{"index":"noindex","follow":"follow","max-snippet":"max-snippet:-1","max-image-preview":"max-image-preview:large","max-video-preview":"max-video-preview:-1"},"og_locale":"de_DE","og_type":"article","og_title":"Das sind wir - bestattungen-anton-wp","og_description":"ANTON Bestattungen \u2013 weil jeder Mensch besonders ist. So individuell wie jedes Leben verl\u00e4uft, so sollte auch der Abschied sein. Das ist unsere \u00dcberzeugung und deshalb m\u00f6chten wir jeden uns anver\u00adtrauten verstorbenen Menschen so auf den letzten Weg bringen, wie es f\u00fcr ihn selbst und f\u00fcr Sie als Hinter\u00adbliebene stimmig und angemessen ist. Pers\u00f6nliche W\u00fcnsche [&hellip;]","og_url":"https:\/\/demo5.newmediaguru.co\/bestattungen-anton-wp\/ueber-uns\/das-sind-wir\/","og_site_name":"bestattungen-anton-wp","article_modified_time":"2026-01-22T12:17:49+00:00","og_image":[{"width":2000,"height":1333,"url":"https:\/\/demo5.newmediaguru.co\/bestattungen-anton-wp\/wp-content\/uploads\/2025\/12\/3_h_optional3.jpg","type":"image\/jpeg"}],"twitter_card":"summary_large_image","twitter_misc":{"Gesch\u00e4tzte Lesezeit":"2\u00a0Minuten"},"schema":{"@context":"https:\/\/schema.org","@graph":[{"@type":"WebPage","@id":"https:\/\/demo5.newmediaguru.co\/bestattungen-anton-wp\/ueber-uns\/das-sind-wir\/","url":"https:\/\/demo5.newmediaguru.co\/bestattungen-anton-wp\/ueber-uns\/das-sind-wir\/","name":"Das sind wir - bestattungen-anton-wp","isPartOf":{"@id":"https:\/\/demo5.newmediaguru.co\/bestattungen-anton-wp\/#website"},"primaryImageOfPage":{"@id":"https:\/\/demo5.newmediaguru.co\/bestattungen-anton-wp\/ueber-uns\/das-sind-wir\/#primaryimage"},"image":{"@id":"https:\/\/demo5.newmediaguru.co\/bestattungen-anton-wp\/ueber-uns\/das-sind-wir\/#primaryimage"},"thumbnailUrl":"https:\/\/demo5.newmediaguru.co\/bestattungen-anton-wp\/wp-content\/uploads\/2025\/12\/3_h_optional3.jpg","datePublished":"2025-12-20T11:16:58+00:00","dateModified":"2026-01-22T12:17:49+00:00","breadcrumb":{"@id":"https:\/\/demo5.newmediaguru.co\/bestattungen-anton-wp\/ueber-uns\/das-sind-wir\/#breadcrumb"},"inLanguage":"de","potentialAction":[{"@type":"ReadAction","target":["https:\/\/demo5.newmediaguru.co\/bestattungen-anton-wp\/ueber-uns\/das-sind-wir\/"]}]},{"@type":"ImageObject","inLanguage":"de","@id":"https:\/\/demo5.newmediaguru.co\/bestattungen-anton-wp\/ueber-uns\/das-sind-wir\/#primaryimage","url":"https:\/\/demo5.newmediaguru.co\/bestattungen-anton-wp\/wp-content\/uploads\/2025\/12\/3_h_optional3.jpg","contentUrl":"https:\/\/demo5.newmediaguru.co\/bestattungen-anton-wp\/wp-content\/uploads\/2025\/12\/3_h_optional3.jpg","width":2000,"height":1333},{"@type":"BreadcrumbList","@id":"https:\/\/demo5.newmediaguru.co\/bestattungen-anton-wp\/ueber-uns\/das-sind-wir\/#breadcrumb","itemListElement":[{"@type":"ListItem","position":1,"name":"Home","item":"https:\/\/demo5.newmediaguru.co\/bestattungen-anton-wp\/"},{"@type":"ListItem","position":2,"name":"ueber-uns","item":"https:\/\/demo5.newmediaguru.co\/bestattungen-anton-wp\/ueber-uns\/"},{"@type":"ListItem","position":3,"name":"Das sind wir"}]},{"@type":"WebSite","@id":"https:\/\/demo5.newmediaguru.co\/bestattungen-anton-wp\/#website","url":"https:\/\/demo5.newmediaguru.co\/bestattungen-anton-wp\/","name":"bestattungen-anton-wp","description":"","publisher":{"@id":"https:\/\/demo5.newmediaguru.co\/bestattungen-anton-wp\/#organization"},"potentialAction":[{"@type":"SearchAction","target":{"@type":"EntryPoint","urlTemplate":"https:\/\/demo5.newmediaguru.co\/bestattungen-anton-wp\/?s={search_term_string}"},"query-input":{"@type":"PropertyValueSpecification","valueRequired":true,"valueName":"search_term_string"}}],"inLanguage":"de"},{"@type":"Organization","@id":"https:\/\/demo5.newmediaguru.co\/bestattungen-anton-wp\/#organization","name":"bestattungen-anton-wp","url":"https:\/\/demo5.newmediaguru.co\/bestattungen-anton-wp\/","logo":{"@type":"ImageObject","inLanguage":"de","@id":"https:\/\/demo5.newmediaguru.co\/bestattungen-anton-wp\/#\/schema\/logo\/image\/","url":"https:\/\/demo5.newmediaguru.co\/bestattungen-anton-wp\/wp-content\/uploads\/2025\/12\/2024_anton_logo_zeichen_links-c43a58d9.png","contentUrl":"https:\/\/demo5.newmediaguru.co\/bestattungen-anton-wp\/wp-content\/uploads\/2025\/12\/2024_anton_logo_zeichen_links-c43a58d9.png","width":500,"height":125,"caption":"bestattungen-anton-wp"},"image":{"@id":"https:\/\/demo5.newmediaguru.co\/bestattungen-anton-wp\/#\/schema\/logo\/image\/"}}]}},"_links":{"self":[{"href":"https:\/\/demo5.newmediaguru.co\/bestattungen-anton-wp\/wp-json\/wp\/v2\/pages\/171","targetHints":{"allow":["GET"]}}],"collection":[{"href":"https:\/\/demo5.newmediaguru.co\/bestattungen-anton-wp\/wp-json\/wp\/v2\/pages"}],"about":[{"href":"https:\/\/demo5.newmediaguru.co\/bestattungen-anton-wp\/wp-json\/wp\/v2\/types\/page"}],"author":[{"embeddable":true,"href":"https:\/\/demo5.newmediaguru.co\/bestattungen-anton-wp\/wp-json\/wp\/v2\/users\/1"}],"replies":[{"embeddable":true,"href":"https:\/\/demo5.newmediaguru.co\/bestattungen-anton-wp\/wp-json\/wp\/v2\/comments?post=171"}],"version-history":[{"count":534,"href":"https:\/\/demo5.newmediaguru.co\/bestattungen-anton-wp\/wp-json\/wp\/v2\/pages\/171\/revisions"}],"predecessor-version":[{"id":1692,"href":"https:\/\/demo5.newmediaguru.co\/bestattungen-anton-wp\/wp-json\/wp\/v2\/pages\/171\/revisions\/1692"}],"up":[{"embeddable":true,"href":"https:\/\/demo5.newmediaguru.co\/bestattungen-anton-wp\/wp-json\/wp\/v2\/pages\/546"}],"wp:featuredmedia":[{"embeddable":true,"href":"https:\/\/demo5.newmediaguru.co\/bestattungen-anton-wp\/wp-json\/wp\/v2\/media\/688"}],"wp:attachment":[{"href":"https:\/\/demo5.newmediaguru.co\/bestattungen-anton-wp\/wp-json\/wp\/v2\/media?parent=171"}],"curies":[{"name":"wp","href":"https:\/\/api.w.org\/{rel}","templated":true}]}}